{"id":1899,"date":"2025-04-27T17:31:26","date_gmt":"2025-04-27T17:31:26","guid":{"rendered":"https:\/\/life.itu.int\/retraites\/?page_id=1899"},"modified":"2025-04-28T15:53:19","modified_gmt":"2025-04-28T15:53:19","slug":"tous-les-articles","status":"publish","type":"page","link":"https:\/\/life.itu.int\/retraites\/tous-les-articles\/","title":{"rendered":"Tous les Articles"},"content":{"rendered":"\n<div class=\"wp-block-group has-global-padding is-layout-constrained wp-container-core-group-is-layout-c638e2b7 wp-block-group-is-layout-constrained\" style=\"margin-top:0px;margin-bottom:0px;padding-top:60px;padding-right:20px;padding-bottom:40px;padding-left:20px\">\n<div class=\"wp-block-group alignwide is-layout-flow wp-block-group-is-layout-flow\">\n<div class=\"wp-block-columns is-layout-flex wp-container-core-columns-is-layout-28f84493 wp-block-columns-is-layout-flex\">\n<div class=\"wp-block-column is-layout-flow wp-block-column-is-layout-flow\" style=\"flex-basis:70%\">\n<div class=\"wp-block-query has-global-padding is-layout-constrained wp-block-query-is-layout-constrained\"><ul class=\"wp-block-post-template is-layout-flow wp-block-post-template-is-layout-flow\"><li class=\"wp-block-post post-2353 post type-post status-publish format-standard hentry category-loisirs tag-activites tag-voyages\">\n\n<div class=\"wp-block-cover is-light\" style=\"min-height:300px;aspect-ratio:unset;\"><span aria-hidden=\"true\" class=\"wp-block-cover__background has-base-background-color has-background-dim-0 has-background-dim\"><\/span><div class=\"wp-block-cover__inner-container is-layout-flow wp-block-cover-is-layout-flow\">\n<p class=\"has-text-align-center has-large-font-size\"><\/p>\n<\/div><\/div>\n\n\n\n<div class=\"wp-block-group lite-shadow is-layout-flow wp-block-group-is-layout-flow\" style=\"padding-top:2em;padding-right:2em;padding-bottom:2em;padding-left:2em\"><h2 style=\"border-radius:0px;border-style:none;border-width:0px;\" class=\"has-text-align-left wp-block-post-title\">Rio de Janeiro<\/h2>\n\n<div style=\"font-style:normal;font-weight:600;\" class=\"wp-block-post-date has-text-color has-primary-color has-medium-font-size\"><time datetime=\"2026-04-26T07:00:00+00:00\">26 avril 2026<\/time><\/div>\n\n<div class=\"wp-block-post-excerpt\"><p class=\"wp-block-post-excerpt__excerpt\">Voyage au Br\u00e9sil, 23 f\u00e9vrier &#8211; 3 mars 2026 Mon choix de d\u00e9couverte s\u2019est port\u00e9 cette fois \u00e0 Rio, une destination dont je r\u00eavais depuis longtemps, mais fortement mise en avant comme dangereuse. C\u2019est avec un groupe et un guide que je rencontrerai \u00e0 mon arriv\u00e9e, que je vais d\u00e9couvrir cette ville connue surtout pour\u2026 <\/p><\/div>\n\n<a style=\"font-style:normal;font-weight:500;\" class=\"wp-elements-f1ab29c1b8db759b19ac5bee014662a0 wp-block-read-more has-text-color has-primary-color has-small-font-size\" href=\"https:\/\/life.itu.int\/retraites\/rio-de-janeiro\/\" target=\"_self\">Lire la suite<span class=\"screen-reader-text\">\u00a0: Rio de Janeiro<\/span><\/a><\/div>\n\n<\/li><li class=\"wp-block-post post-2369 post type-post status-publish format-standard has-post-thumbnail hentry category-membre category-loisirs tag-activites\">\n\n<div class=\"wp-block-cover is-light\" style=\"min-height:300px;aspect-ratio:unset;\"><span aria-hidden=\"true\" class=\"wp-block-cover__background has-base-background-color has-background-dim-0 has-background-dim\"><\/span><img loading=\"lazy\" decoding=\"async\" width=\"567\" height=\"424\" src=\"https:\/\/life.itu.int\/retraites\/wp-content\/uploads\/sites\/15\/2026\/04\/Picture10.jpg\" class=\"wp-block-cover__image-background wp-post-image\" alt=\"Comment vivre des vies multiples \u2026. le th\u00e9atre\" data-object-fit=\"cover\" data-object-position=\"44% 44%\" style=\"object-position:44% 44%;\" srcset=\"https:\/\/life.itu.int\/retraites\/wp-content\/uploads\/sites\/15\/2026\/04\/Picture10.jpg 567w, https:\/\/life.itu.int\/retraites\/wp-content\/uploads\/sites\/15\/2026\/04\/Picture10-300x224.jpg 300w\" sizes=\"auto, (max-width: 567px) 100vw, 567px\" \/><div class=\"wp-block-cover__inner-container is-layout-flow wp-block-cover-is-layout-flow\">\n<p class=\"has-text-align-center has-large-font-size\"><\/p>\n<\/div><\/div>\n\n\n\n<div class=\"wp-block-group lite-shadow is-layout-flow wp-block-group-is-layout-flow\" style=\"padding-top:2em;padding-right:2em;padding-bottom:2em;padding-left:2em\"><h2 style=\"border-radius:0px;border-style:none;border-width:0px;\" class=\"has-text-align-left wp-block-post-title\">Comment vivre des vies multiples \u2026. ?<\/h2>\n\n<div style=\"font-style:normal;font-weight:600;\" class=\"wp-block-post-date has-text-color has-primary-color has-medium-font-size\"><time datetime=\"2026-04-19T07:00:00+00:00\">19 avril 2026<\/time><\/div>\n\n<div class=\"wp-block-post-excerpt\"><p class=\"wp-block-post-excerpt__excerpt\">Nous voici en 1988, il y a \u2026. quelques ann\u00e9es. Tout juste frais \u00e9moulu de l\u2019Universit\u00e9 de Paris Panth\u00e9on-Assas, j\u2019arrive \u00e0 Gen\u00e8ve pour d\u00e9buter un stage \u00e0 l\u2019Union internationale des t\u00e9l\u00e9communications, dans les brumes cigari\u00e8res d\u2019un Conseiller juridique \u00e0 la r\u00e9putation bien \u00e9tablie, craint certainement, mais aussi admir\u00e9. La musique fait d\u00e9j\u00e0 un peu partie\u2026 <\/p><\/div>\n\n<a style=\"font-style:normal;font-weight:500;\" class=\"wp-elements-f1ab29c1b8db759b19ac5bee014662a0 wp-block-read-more has-text-color has-primary-color has-small-font-size\" href=\"https:\/\/life.itu.int\/retraites\/comment-vivre-des-vies-multiples\/\" target=\"_self\">Lire la suite<span class=\"screen-reader-text\">\u00a0: Comment vivre des vies multiples \u2026. ?<\/span><\/a><\/div>\n\n<\/li><li class=\"wp-block-post post-2383 post type-post status-publish format-standard has-post-thumbnail hentry category-loisirs tag-clubs tag-uit\">\n\n<div class=\"wp-block-cover is-light\" style=\"min-height:300px;aspect-ratio:unset;\"><span aria-hidden=\"true\" class=\"wp-block-cover__background has-base-background-color has-background-dim-0 has-background-dim\"><\/span><img loading=\"lazy\" decoding=\"async\" width=\"1309\" height=\"850\" src=\"https:\/\/life.itu.int\/retraites\/wp-content\/uploads\/sites\/15\/2026\/04\/Paint.jpg\" class=\"wp-block-cover__image-background wp-post-image\" alt=\"Club Atelier de l&#039;UIT\" data-object-fit=\"cover\" data-object-position=\"44% 44%\" style=\"object-position:44% 44%;\" srcset=\"https:\/\/life.itu.int\/retraites\/wp-content\/uploads\/sites\/15\/2026\/04\/Paint.jpg 1309w, https:\/\/life.itu.int\/retraites\/wp-content\/uploads\/sites\/15\/2026\/04\/Paint-300x195.jpg 300w, https:\/\/life.itu.int\/retraites\/wp-content\/uploads\/sites\/15\/2026\/04\/Paint-1024x665.jpg 1024w, https:\/\/life.itu.int\/retraites\/wp-content\/uploads\/sites\/15\/2026\/04\/Paint-768x499.jpg 768w\" sizes=\"auto, (max-width: 1309px) 100vw, 1309px\" \/><div class=\"wp-block-cover__inner-container is-layout-flow wp-block-cover-is-layout-flow\">\n<p class=\"has-text-align-center has-large-font-size\"><\/p>\n<\/div><\/div>\n\n\n\n<div class=\"wp-block-group lite-shadow is-layout-flow wp-block-group-is-layout-flow\" style=\"padding-top:2em;padding-right:2em;padding-bottom:2em;padding-left:2em\"><h2 style=\"border-radius:0px;border-style:none;border-width:0px;\" class=\"has-text-align-left wp-block-post-title\">Club Atelier de l&rsquo;UIT<\/h2>\n\n<div style=\"font-style:normal;font-weight:600;\" class=\"wp-block-post-date has-text-color has-primary-color has-medium-font-size\"><time datetime=\"2026-04-18T07:57:06+00:00\">18 avril 2026<\/time><\/div>\n\n<div class=\"wp-block-post-excerpt\"><p class=\"wp-block-post-excerpt__excerpt\">Les s\u00e9ries de cours que nous vous proposons aujourd&rsquo;hui sont d\u00e9crites ci-dessous avec le&nbsp;calendrier correspondant. Les places \u00e9tant limit\u00e9es, nous vous encourageons \u00e0 vous inscrire d\u00e8s publication de ce flash en cliquant ici. Les cours de l&rsquo;Atelier ne sont ouverts qu\u2019aux membres du club. Si vous souhaitez devenir membre, merci de nous contacter.Pour ceux qui\u2026 <\/p><\/div>\n\n<a style=\"font-style:normal;font-weight:500;\" class=\"wp-elements-f1ab29c1b8db759b19ac5bee014662a0 wp-block-read-more has-text-color has-primary-color has-small-font-size\" href=\"https:\/\/life.itu.int\/retraites\/club-atelier-de-luit\/\" target=\"_self\">Lire la suite<span class=\"screen-reader-text\">\u00a0: Club Atelier de l&rsquo;UIT<\/span><\/a><\/div>\n\n<\/li><li class=\"wp-block-post post-2320 post type-post status-publish format-standard has-post-thumbnail hentry category-membre tag-entretien tag-membres\">\n\n<div class=\"wp-block-cover is-light\" style=\"min-height:300px;aspect-ratio:unset;\"><span aria-hidden=\"true\" class=\"wp-block-cover__background has-base-background-color has-background-dim-0 has-background-dim\"><\/span><img loading=\"lazy\" decoding=\"async\" width=\"283\" height=\"325\" src=\"https:\/\/life.itu.int\/retraites\/wp-content\/uploads\/sites\/15\/2026\/02\/Fabio-Bigi.jpg\" class=\"wp-block-cover__image-background wp-post-image\" alt=\"Fabio Bigi\" data-object-fit=\"cover\" data-object-position=\"44% 44%\" style=\"object-position:44% 44%;\" srcset=\"https:\/\/life.itu.int\/retraites\/wp-content\/uploads\/sites\/15\/2026\/02\/Fabio-Bigi.jpg 283w, https:\/\/life.itu.int\/retraites\/wp-content\/uploads\/sites\/15\/2026\/02\/Fabio-Bigi-261x300.jpg 261w\" sizes=\"auto, (max-width: 283px) 100vw, 283px\" \/><div class=\"wp-block-cover__inner-container is-layout-flow wp-block-cover-is-layout-flow\">\n<p class=\"has-text-align-center has-large-font-size\"><\/p>\n<\/div><\/div>\n\n\n\n<div class=\"wp-block-group lite-shadow is-layout-flow wp-block-group-is-layout-flow\" style=\"padding-top:2em;padding-right:2em;padding-bottom:2em;padding-left:2em\"><h2 style=\"border-radius:0px;border-style:none;border-width:0px;\" class=\"has-text-align-left wp-block-post-title\">Fabio Bigi, un membre de longue date de notre entourage<\/h2>\n\n<div style=\"font-style:normal;font-weight:600;\" class=\"wp-block-post-date has-text-color has-primary-color has-medium-font-size\"><time datetime=\"2026-03-01T07:00:00+00:00\">1 mars 2026<\/time><\/div>\n\n<div class=\"wp-block-post-excerpt\"><p class=\"wp-block-post-excerpt__excerpt\">Avec lui, l\u2019UIT a gagn\u00e9 bien plus qu\u2019un expert technique&nbsp;\u2026 Figure incontournable de l\u2019Union internationale des t\u00e9l\u00e9communications (UIT), Fabio Bigi est reconnu de tous, des fonctionnaires aux d\u00e9l\u00e9gu\u00e9s, qui ne manquent jamais de le saluer dans les couloirs. Sa voix chaleureuse, teint\u00e9e d\u2019un accent italien distinctif, fait partie de son identit\u00e9. Aujourd\u2019hui, il doit composer\u2026 <\/p><\/div>\n\n<a style=\"font-style:normal;font-weight:500;\" class=\"wp-elements-f1ab29c1b8db759b19ac5bee014662a0 wp-block-read-more has-text-color has-primary-color has-small-font-size\" href=\"https:\/\/life.itu.int\/retraites\/fabio-bigi\/\" target=\"_self\">Lire la suite<span class=\"screen-reader-text\">\u00a0: Fabio Bigi, un membre de longue date de notre entourage<\/span><\/a><\/div>\n\n<\/li><li class=\"wp-block-post post-2323 post type-post status-publish format-standard has-post-thumbnail hentry category-loisirs category-news tag-activites tag-uniag\">\n\n<div class=\"wp-block-cover is-light\" style=\"min-height:300px;aspect-ratio:unset;\"><span aria-hidden=\"true\" class=\"wp-block-cover__background has-base-background-color has-background-dim-0 has-background-dim\"><\/span><img loading=\"lazy\" decoding=\"async\" width=\"1134\" height=\"850\" src=\"https:\/\/life.itu.int\/retraites\/wp-content\/uploads\/sites\/15\/2026\/02\/pexels-james-owen-1519323-18997385.jpg\" class=\"wp-block-cover__image-background wp-post-image\" alt=\"copyright pexels.com | James Owen\" data-object-fit=\"cover\" data-object-position=\"44% 44%\" style=\"object-position:44% 44%;\" srcset=\"https:\/\/life.itu.int\/retraites\/wp-content\/uploads\/sites\/15\/2026\/02\/pexels-james-owen-1519323-18997385.jpg 1134w, https:\/\/life.itu.int\/retraites\/wp-content\/uploads\/sites\/15\/2026\/02\/pexels-james-owen-1519323-18997385-300x225.jpg 300w, https:\/\/life.itu.int\/retraites\/wp-content\/uploads\/sites\/15\/2026\/02\/pexels-james-owen-1519323-18997385-1024x768.jpg 1024w, https:\/\/life.itu.int\/retraites\/wp-content\/uploads\/sites\/15\/2026\/02\/pexels-james-owen-1519323-18997385-768x576.jpg 768w\" sizes=\"auto, (max-width: 1134px) 100vw, 1134px\" \/><div class=\"wp-block-cover__inner-container is-layout-flow wp-block-cover-is-layout-flow\">\n<p class=\"has-text-align-center has-large-font-size\"><\/p>\n<\/div><\/div>\n\n\n\n<div class=\"wp-block-group lite-shadow is-layout-flow wp-block-group-is-layout-flow\" style=\"padding-top:2em;padding-right:2em;padding-bottom:2em;padding-left:2em\"><h2 style=\"border-radius:0px;border-style:none;border-width:0px;\" class=\"has-text-align-left wp-block-post-title\">Jeux inter-agences des Nations Unies 2026<\/h2>\n\n<div style=\"font-style:normal;font-weight:600;\" class=\"wp-block-post-date has-text-color has-primary-color has-medium-font-size\"><time datetime=\"2026-02-13T07:00:00+00:00\">13 f\u00e9vrier 2026<\/time><\/div>\n\n<div class=\"wp-block-post-excerpt\"><p class=\"wp-block-post-excerpt__excerpt\">Chers amis et coll\u00e8gues,\u00a0Nous sommes ravis de vous transmettre l&rsquo;invitation aux Jeux inter-agences des Nations Unies 2026 (UN IAG). Cette 51e \u00e9dition des Jeux inter-agences des Nations Unies 2026 se d\u00e9roulera sur l&rsquo;\u00eele de Cr\u00e8te, une destination qui allie harmonieusement beaut\u00e9 naturelle, richesse culturelle et une longue tradition d&rsquo;excellence sportive. Les Jeux auront lieu \u00e0\u2026 <\/p><\/div>\n\n<a style=\"font-style:normal;font-weight:500;\" class=\"wp-elements-f1ab29c1b8db759b19ac5bee014662a0 wp-block-read-more has-text-color has-primary-color has-small-font-size\" href=\"https:\/\/life.itu.int\/retraites\/un-inter-agency-games-2026\/\" target=\"_self\">Lire la suite<span class=\"screen-reader-text\">\u00a0: Jeux inter-agences des Nations Unies 2026<\/span><\/a><\/div>\n\n<\/li><li class=\"wp-block-post post-2335 post type-post status-publish format-standard has-post-thumbnail hentry category-membre category-loisirs tag-activites tag-rando\">\n\n<div class=\"wp-block-cover is-light\" style=\"min-height:300px;aspect-ratio:unset;\"><span aria-hidden=\"true\" class=\"wp-block-cover__background has-base-background-color has-background-dim-0 has-background-dim\"><\/span><img loading=\"lazy\" decoding=\"async\" width=\"850\" height=\"638\" src=\"https:\/\/life.itu.int\/retraites\/wp-content\/uploads\/sites\/15\/2026\/02\/20260205_110937.jpg\" class=\"wp-block-cover__image-background wp-post-image\" alt=\"Rando-Plaisir no 1-2026, la Givrine \u2013 Couvaloup\" data-object-fit=\"cover\" data-object-position=\"44% 44%\" style=\"object-position:44% 44%;\" srcset=\"https:\/\/life.itu.int\/retraites\/wp-content\/uploads\/sites\/15\/2026\/02\/20260205_110937.jpg 850w, https:\/\/life.itu.int\/retraites\/wp-content\/uploads\/sites\/15\/2026\/02\/20260205_110937-300x225.jpg 300w, https:\/\/life.itu.int\/retraites\/wp-content\/uploads\/sites\/15\/2026\/02\/20260205_110937-768x576.jpg 768w\" sizes=\"auto, (max-width: 850px) 100vw, 850px\" \/><div class=\"wp-block-cover__inner-container is-layout-flow wp-block-cover-is-layout-flow\">\n<p class=\"has-text-align-center has-large-font-size\"><\/p>\n<\/div><\/div>\n\n\n\n<div class=\"wp-block-group lite-shadow is-layout-flow wp-block-group-is-layout-flow\" style=\"padding-top:2em;padding-right:2em;padding-bottom:2em;padding-left:2em\"><h2 style=\"border-radius:0px;border-style:none;border-width:0px;\" class=\"has-text-align-left wp-block-post-title\">Rando plaisir 2026<\/h2>\n\n<div style=\"font-style:normal;font-weight:600;\" class=\"wp-block-post-date has-text-color has-primary-color has-medium-font-size\"><time datetime=\"2026-02-10T07:00:00+00:00\">10 f\u00e9vrier 2026<\/time><\/div>\n\n<div class=\"wp-block-post-excerpt\"><p class=\"wp-block-post-excerpt__excerpt\">La Givrine \u2013 Couvaloup, f\u00e9vrier 2026 La premi\u00e8re randonn\u00e9e de l\u2019ann\u00e9e est traditionnellement une balade dans les neiges du Jura. Cette ann\u00e9e, nous n\u2019avons jamais \u00e9t\u00e9 si nombreux pour une randonn\u00e9e de neige, mais nous n\u2019avons \u00e9galement jamais \u00e9t\u00e9 si nombreux dans un train&nbsp;: imaginez une centaine d\u2019enfants avec leur luge dans un train compos\u00e9\u2026 <\/p><\/div>\n\n<a style=\"font-style:normal;font-weight:500;\" class=\"wp-elements-f1ab29c1b8db759b19ac5bee014662a0 wp-block-read-more has-text-color has-primary-color has-small-font-size\" href=\"https:\/\/life.itu.int\/retraites\/rando-plaisir-2026\/\" target=\"_self\">Lire la suite<span class=\"screen-reader-text\">\u00a0: Rando plaisir 2026<\/span><\/a><\/div>\n\n<\/li><li class=\"wp-block-post post-2282 post type-post status-publish format-standard has-post-thumbnail hentry category-loisirs tag-activites tag-voyages\">\n\n<div class=\"wp-block-cover is-light\" style=\"min-height:300px;aspect-ratio:unset;\"><span aria-hidden=\"true\" class=\"wp-block-cover__background has-base-background-color has-background-dim-0 has-background-dim\"><\/span><img loading=\"lazy\" decoding=\"async\" width=\"850\" height=\"638\" src=\"https:\/\/life.itu.int\/retraites\/wp-content\/uploads\/sites\/15\/2026\/01\/IMG_9434.jpeg\" class=\"wp-block-cover__image-background wp-post-image\" alt=\"Turin spectacle Chinois \u00ab Shen Yun \u00ab\u00a0\u2013 3 et 4 janvier 2026\" data-object-fit=\"cover\" data-object-position=\"44% 44%\" style=\"object-position:44% 44%;\" srcset=\"https:\/\/life.itu.int\/retraites\/wp-content\/uploads\/sites\/15\/2026\/01\/IMG_9434.jpeg 850w, https:\/\/life.itu.int\/retraites\/wp-content\/uploads\/sites\/15\/2026\/01\/IMG_9434-300x225.jpeg 300w, https:\/\/life.itu.int\/retraites\/wp-content\/uploads\/sites\/15\/2026\/01\/IMG_9434-768x576.jpeg 768w\" sizes=\"auto, (max-width: 850px) 100vw, 850px\" \/><div class=\"wp-block-cover__inner-container is-layout-flow wp-block-cover-is-layout-flow\">\n<p class=\"has-text-align-center has-large-font-size\"><\/p>\n<\/div><\/div>\n\n\n\n<div class=\"wp-block-group lite-shadow is-layout-flow wp-block-group-is-layout-flow\" style=\"padding-top:2em;padding-right:2em;padding-bottom:2em;padding-left:2em\"><h2 style=\"border-radius:0px;border-style:none;border-width:0px;\" class=\"has-text-align-left wp-block-post-title\">Turin, spectacle Chinois \u00ab\u00a0Shen Yun\u00a0\u00bb<\/h2>\n\n<div style=\"font-style:normal;font-weight:600;\" class=\"wp-block-post-date has-text-color has-primary-color has-medium-font-size\"><time datetime=\"2026-02-08T08:00:00+00:00\">8 f\u00e9vrier 2026<\/time><\/div>\n\n<div class=\"wp-block-post-excerpt\"><p class=\"wp-block-post-excerpt__excerpt\">C\u2019est la t\u00eate pleine d\u2019un magnifique spectacle que je suis heureuse de vous relater 2 merveilleux jours \u00e0 Turin, pass\u00e9s avec mes amies Christine et Anne-Marie. Nous avons vu un spectacle hors du commun qui chamboule les tripes, qui est splendide et bouleversant en m\u00eame temps, et la visite d\u2019une belle ville dont le centre\u2026 <\/p><\/div>\n\n<a style=\"font-style:normal;font-weight:500;\" class=\"wp-elements-f1ab29c1b8db759b19ac5bee014662a0 wp-block-read-more has-text-color has-primary-color has-small-font-size\" href=\"https:\/\/life.itu.int\/retraites\/turin-spectacle-chinois\/\" target=\"_self\">Lire la suite<span class=\"screen-reader-text\">\u00a0: Turin, spectacle Chinois \u00ab\u00a0Shen Yun\u00a0\u00bb<\/span><\/a><\/div>\n\n<\/li><li class=\"wp-block-post post-2274 post type-post status-publish format-standard has-post-thumbnail hentry category-bulletin category-membre tag-deces tag-membres\">\n\n<div class=\"wp-block-cover is-light\" style=\"min-height:300px;aspect-ratio:unset;\"><span aria-hidden=\"true\" class=\"wp-block-cover__background has-base-background-color has-background-dim-0 has-background-dim\"><\/span><img loading=\"lazy\" decoding=\"async\" width=\"850\" height=\"1134\" src=\"https:\/\/life.itu.int\/retraites\/wp-content\/uploads\/sites\/15\/2024\/10\/pexels-kindelmedia-8173241.jpg\" class=\"wp-block-cover__image-background wp-post-image\" alt=\"\" data-object-fit=\"cover\" data-object-position=\"44% 44%\" style=\"object-position:44% 44%;\" srcset=\"https:\/\/life.itu.int\/retraites\/wp-content\/uploads\/sites\/15\/2024\/10\/pexels-kindelmedia-8173241.jpg 850w, https:\/\/life.itu.int\/retraites\/wp-content\/uploads\/sites\/15\/2024\/10\/pexels-kindelmedia-8173241-225x300.jpg 225w, https:\/\/life.itu.int\/retraites\/wp-content\/uploads\/sites\/15\/2024\/10\/pexels-kindelmedia-8173241-768x1025.jpg 768w, https:\/\/life.itu.int\/retraites\/wp-content\/uploads\/sites\/15\/2024\/10\/pexels-kindelmedia-8173241-810x1080.jpg 810w\" sizes=\"auto, (max-width: 850px) 100vw, 850px\" \/><div class=\"wp-block-cover__inner-container is-layout-flow wp-block-cover-is-layout-flow\">\n<p class=\"has-text-align-center has-large-font-size\"><\/p>\n<\/div><\/div>\n\n\n\n<div class=\"wp-block-group lite-shadow is-layout-flow wp-block-group-is-layout-flow\" style=\"padding-top:2em;padding-right:2em;padding-bottom:2em;padding-left:2em\"><h2 style=\"border-radius:0px;border-style:none;border-width:0px;\" class=\"has-text-align-left wp-block-post-title\">Ils nous ont quitt\u00e9s \u2026<\/h2>\n\n<div style=\"font-style:normal;font-weight:600;\" class=\"wp-block-post-date has-text-color has-primary-color has-medium-font-size\"><time datetime=\"2026-02-01T08:00:00+00:00\">1 f\u00e9vrier 2026<\/time><\/div>\n\n<div class=\"wp-block-post-excerpt\"><p class=\"wp-block-post-excerpt__excerpt\">Nous avons appris par le D\u00e9partement des RessourcesHumaines de l\u2019UIT et par l\u2019Association des Anciens Fonctionnaires Internationaux (AAFI-AFICS), les d\u00e9c\u00e8s des personnes suivantes: <\/p><\/div>\n\n<a style=\"font-style:normal;font-weight:500;\" class=\"wp-elements-f1ab29c1b8db759b19ac5bee014662a0 wp-block-read-more has-text-color has-primary-color has-small-font-size\" href=\"https:\/\/life.itu.int\/retraites\/ils-nous-ont-quittes-3\/\" target=\"_self\">Lire la suite<span class=\"screen-reader-text\">\u00a0: Ils nous ont quitt\u00e9s \u2026<\/span><\/a><\/div>\n\n<\/li><li class=\"wp-block-post post-2301 post type-post status-publish format-standard has-post-thumbnail hentry category-loisirs tag-activites tag-voyages\">\n\n<div class=\"wp-block-cover is-light\" style=\"min-height:300px;aspect-ratio:unset;\"><span aria-hidden=\"true\" class=\"wp-block-cover__background has-base-background-color has-background-dim-0 has-background-dim\"><\/span><img loading=\"lazy\" decoding=\"async\" width=\"638\" height=\"850\" src=\"https:\/\/life.itu.int\/retraites\/wp-content\/uploads\/sites\/15\/2026\/01\/IMG_5487.jpeg\" class=\"wp-block-cover__image-background wp-post-image\" alt=\"d\u00e9couverte du Cambodge, 28 novembre - 7 d\u00e9cembre 2025\" data-object-fit=\"cover\" data-object-position=\"44% 44%\" style=\"object-position:44% 44%;\" srcset=\"https:\/\/life.itu.int\/retraites\/wp-content\/uploads\/sites\/15\/2026\/01\/IMG_5487.jpeg 638w, https:\/\/life.itu.int\/retraites\/wp-content\/uploads\/sites\/15\/2026\/01\/IMG_5487-225x300.jpeg 225w\" sizes=\"auto, (max-width: 638px) 100vw, 638px\" \/><div class=\"wp-block-cover__inner-container is-layout-flow wp-block-cover-is-layout-flow\">\n<p class=\"has-text-align-center has-large-font-size\"><\/p>\n<\/div><\/div>\n\n\n\n<div class=\"wp-block-group lite-shadow is-layout-flow wp-block-group-is-layout-flow\" style=\"padding-top:2em;padding-right:2em;padding-bottom:2em;padding-left:2em\"><h2 style=\"border-radius:0px;border-style:none;border-width:0px;\" class=\"has-text-align-left wp-block-post-title\">Cambodge<\/h2>\n\n<div style=\"font-style:normal;font-weight:600;\" class=\"wp-block-post-date has-text-color has-primary-color has-medium-font-size\"><time datetime=\"2026-01-25T08:00:00+00:00\">25 janvier 2026<\/time><\/div>\n\n<div class=\"wp-block-post-excerpt\"><p class=\"wp-block-post-excerpt__excerpt\">A la d\u00e9couverte du Cambodge, 28 novembre &#8211; 7 d\u00e9cembre 2025 Chers amis lectrices\/lecteurs qui me suivez autour du globe, aujourd\u2019hui je vous emm\u00e8ne au Cambodge.&nbsp;&nbsp; Avec ma copine Christine nous avons atterri \u00e0 Siem Reap sous un beau soleil de novembre. D\u00e8s les premiers pas dans le pays, toutes les 2 nous avons eu\u2026 <\/p><\/div>\n\n<a style=\"font-style:normal;font-weight:500;\" class=\"wp-elements-f1ab29c1b8db759b19ac5bee014662a0 wp-block-read-more has-text-color has-primary-color has-small-font-size\" href=\"https:\/\/life.itu.int\/retraites\/decouverte-du-cambodge\/\" target=\"_self\">Lire la suite<span class=\"screen-reader-text\">\u00a0: Cambodge<\/span><\/a><\/div>\n\n<\/li><li class=\"wp-block-post post-2205 post type-post status-publish format-standard has-post-thumbnail hentry category-loisirs tag-activites tag-voyages\">\n\n<div class=\"wp-block-cover is-light\" style=\"min-height:300px;aspect-ratio:unset;\"><span aria-hidden=\"true\" class=\"wp-block-cover__background has-base-background-color has-background-dim-0 has-background-dim\"><\/span><img loading=\"lazy\" decoding=\"async\" width=\"681\" height=\"273\" src=\"https:\/\/life.itu.int\/retraites\/wp-content\/uploads\/sites\/15\/2025\/11\/Image-14.jpg\" class=\"wp-block-cover__image-background wp-post-image\" alt=\"\" data-object-fit=\"cover\" data-object-position=\"44% 44%\" style=\"object-position:44% 44%;\" srcset=\"https:\/\/life.itu.int\/retraites\/wp-content\/uploads\/sites\/15\/2025\/11\/Image-14.jpg 681w, https:\/\/life.itu.int\/retraites\/wp-content\/uploads\/sites\/15\/2025\/11\/Image-14-300x120.jpg 300w\" sizes=\"auto, (max-width: 681px) 100vw, 681px\" \/><div class=\"wp-block-cover__inner-container is-layout-flow wp-block-cover-is-layout-flow\">\n<p class=\"has-text-align-center has-large-font-size\"><\/p>\n<\/div><\/div>\n\n\n\n<div class=\"wp-block-group lite-shadow is-layout-flow wp-block-group-is-layout-flow\" style=\"padding-top:2em;padding-right:2em;padding-bottom:2em;padding-left:2em\"><h2 style=\"border-radius:0px;border-style:none;border-width:0px;\" class=\"has-text-align-left wp-block-post-title\">Tunisie<\/h2>\n\n<div style=\"font-style:normal;font-weight:600;\" class=\"wp-block-post-date has-text-color has-primary-color has-medium-font-size\"><time datetime=\"2025-12-20T07:00:00+00:00\">20 d\u00e9cembre 2025<\/time><\/div>\n\n<div class=\"wp-block-post-excerpt\"><p class=\"wp-block-post-excerpt__excerpt\">Voyage en Tunisie, 16-23 octobre 2025 Chers coll\u00e8gues qui me suivez dans mes escapades, je suis heureuse de vous emmener cette fois en Tunisie, que j\u2019ai visit\u00e9e du 16 au 23 octobre du nord au sud, lors d\u2019un circuit tr\u00e8s complet.&nbsp; Avec mon amie Christine qui partage parfois mes d\u00e9couvertes, nous prenons possession de notre\u2026 <\/p><\/div>\n\n<a style=\"font-style:normal;font-weight:500;\" class=\"wp-elements-f1ab29c1b8db759b19ac5bee014662a0 wp-block-read-more has-text-color has-primary-color has-small-font-size\" href=\"https:\/\/life.itu.int\/retraites\/tunisie\/\" target=\"_self\">Lire la suite<span class=\"screen-reader-text\">\u00a0: Tunisie<\/span><\/a><\/div>\n\n<\/li><li class=\"wp-block-post post-232 post type-post status-publish format-standard has-post-thumbnail hentry category-bulletin tag-ia\">\n\n<div class=\"wp-block-cover is-light\" style=\"min-height:300px;aspect-ratio:unset;\"><span aria-hidden=\"true\" class=\"wp-block-cover__background has-base-background-color has-background-dim-0 has-background-dim\"><\/span><img loading=\"lazy\" decoding=\"async\" width=\"1144\" height=\"761\" src=\"https:\/\/life.itu.int\/retraites\/wp-content\/uploads\/sites\/15\/2024\/10\/Screenshot-2024-10-25-at-19.06.39.png\" class=\"wp-block-cover__image-background wp-post-image\" alt=\"\" data-object-fit=\"cover\" data-object-position=\"44% 44%\" style=\"object-position:44% 44%;\" srcset=\"https:\/\/life.itu.int\/retraites\/wp-content\/uploads\/sites\/15\/2024\/10\/Screenshot-2024-10-25-at-19.06.39.png 1144w, https:\/\/life.itu.int\/retraites\/wp-content\/uploads\/sites\/15\/2024\/10\/Screenshot-2024-10-25-at-19.06.39-300x200.png 300w, https:\/\/life.itu.int\/retraites\/wp-content\/uploads\/sites\/15\/2024\/10\/Screenshot-2024-10-25-at-19.06.39-1024x681.png 1024w, https:\/\/life.itu.int\/retraites\/wp-content\/uploads\/sites\/15\/2024\/10\/Screenshot-2024-10-25-at-19.06.39-768x511.png 768w\" sizes=\"auto, (max-width: 1144px) 100vw, 1144px\" \/><div class=\"wp-block-cover__inner-container is-layout-flow wp-block-cover-is-layout-flow\">\n<p class=\"has-text-align-center has-large-font-size\"><\/p>\n<\/div><\/div>\n\n\n\n<div class=\"wp-block-group lite-shadow is-layout-flow wp-block-group-is-layout-flow\" style=\"padding-top:2em;padding-right:2em;padding-bottom:2em;padding-left:2em\"><h2 style=\"border-radius:0px;border-style:none;border-width:0px;\" class=\"has-text-align-left wp-block-post-title\">Machine, \u00e9cris-moi vite \u00e7a !<\/h2>\n\n<div style=\"font-style:normal;font-weight:600;\" class=\"wp-block-post-date has-text-color has-primary-color has-medium-font-size\"><time datetime=\"2025-12-16T09:47:21+00:00\">16 d\u00e9cembre 2025<\/time><\/div>\n\n<div class=\"wp-block-post-excerpt\"><p class=\"wp-block-post-excerpt__excerpt\">Qu\u2019il s\u2019agisse de publications ou de travaux d\u2019\u00e9tudiants, dans le monde scientifique un nombre croissant de textes ont \u00e9t\u00e9 cr\u00e9\u00e9s \u00e0 l\u2019aide de l\u2019intelligence artificielle. Les avis quant \u00e0 la mani\u00e8re de g\u00e9rer ce ph\u00e9nom\u00e8ne sont partag\u00e9s. <\/p><\/div>\n\n<a style=\"font-style:normal;font-weight:500;\" class=\"wp-elements-f1ab29c1b8db759b19ac5bee014662a0 wp-block-read-more has-text-color has-primary-color has-small-font-size\" href=\"https:\/\/life.itu.int\/retraites\/machine-ecris-moi-vite-ca\/\" target=\"_self\">Lire la suite<span class=\"screen-reader-text\">\u00a0: Machine, \u00e9cris-moi vite \u00e7a !<\/span><\/a><\/div>\n\n<\/li><li class=\"wp-block-post post-2222 post type-post status-publish format-standard has-post-thumbnail hentry category-loisirs tag-activites tag-voyages\">\n\n<div class=\"wp-block-cover is-light\" style=\"min-height:300px;aspect-ratio:unset;\"><span aria-hidden=\"true\" class=\"wp-block-cover__background has-base-background-color has-background-dim-0 has-background-dim\"><\/span><img loading=\"lazy\" decoding=\"async\" width=\"850\" height=\"637\" src=\"https:\/\/life.itu.int\/retraites\/wp-content\/uploads\/sites\/15\/2025\/11\/Le-monastere-San-Stefan.jpg\" class=\"wp-block-cover__image-background wp-post-image\" alt=\"\" data-object-fit=\"cover\" data-object-position=\"44% 44%\" style=\"object-position:44% 44%;\" srcset=\"https:\/\/life.itu.int\/retraites\/wp-content\/uploads\/sites\/15\/2025\/11\/Le-monastere-San-Stefan.jpg 850w, https:\/\/life.itu.int\/retraites\/wp-content\/uploads\/sites\/15\/2025\/11\/Le-monastere-San-Stefan-300x225.jpg 300w, https:\/\/life.itu.int\/retraites\/wp-content\/uploads\/sites\/15\/2025\/11\/Le-monastere-San-Stefan-768x576.jpg 768w\" sizes=\"auto, (max-width: 850px) 100vw, 850px\" \/><div class=\"wp-block-cover__inner-container is-layout-flow wp-block-cover-is-layout-flow\">\n<p class=\"has-text-align-center has-large-font-size\"><\/p>\n<\/div><\/div>\n\n\n\n<div class=\"wp-block-group lite-shadow is-layout-flow wp-block-group-is-layout-flow\" style=\"padding-top:2em;padding-right:2em;padding-bottom:2em;padding-left:2em\"><h2 style=\"border-radius:0px;border-style:none;border-width:0px;\" class=\"has-text-align-left wp-block-post-title\">Albanie<\/h2>\n\n<div style=\"font-style:normal;font-weight:600;\" class=\"wp-block-post-date has-text-color has-primary-color has-medium-font-size\"><time datetime=\"2025-12-14T07:00:00+00:00\">14 d\u00e9cembre 2025<\/time><\/div>\n\n<div class=\"wp-block-post-excerpt\"><p class=\"wp-block-post-excerpt__excerpt\">Voyage en Albanie, 10-17 septembre 2025 Aux lecteurs qui ont envie de voyager sans bouger de chez eux, ou qui cherchent une destination pas trop lointaine pour s\u2019y rendre, je vous propose l\u2019Albanie. C\u2019est un pays attachant et joli, qui s\u2019ouvre au tourisme donc qui est tr\u00e8s authentique. De plus on y mange bien et\u2026 <\/p><\/div>\n\n<a style=\"font-style:normal;font-weight:500;\" class=\"wp-elements-f1ab29c1b8db759b19ac5bee014662a0 wp-block-read-more has-text-color has-primary-color has-small-font-size\" href=\"https:\/\/life.itu.int\/retraites\/albanie\/\" target=\"_self\">Lire la suite<span class=\"screen-reader-text\">\u00a0: Albanie<\/span><\/a><\/div>\n\n<\/li><li class=\"wp-block-post post-2193 post type-post status-publish format-standard has-post-thumbnail hentry category-membre category-loisirs tag-activites tag-repas\">\n\n<div class=\"wp-block-cover is-light\" style=\"min-height:300px;aspect-ratio:unset;\"><span aria-hidden=\"true\" class=\"wp-block-cover__background has-base-background-color has-background-dim-0 has-background-dim\"><\/span><img loading=\"lazy\" decoding=\"async\" width=\"1182\" height=\"1075\" src=\"https:\/\/life.itu.int\/retraites\/wp-content\/uploads\/sites\/15\/2025\/11\/groupe-6.jpg\" class=\"wp-block-cover__image-background wp-post-image\" alt=\"\" data-object-fit=\"cover\" data-object-position=\"44% 44%\" style=\"object-position:44% 44%;\" srcset=\"https:\/\/life.itu.int\/retraites\/wp-content\/uploads\/sites\/15\/2025\/11\/groupe-6.jpg 1182w, https:\/\/life.itu.int\/retraites\/wp-content\/uploads\/sites\/15\/2025\/11\/groupe-6-300x273.jpg 300w, https:\/\/life.itu.int\/retraites\/wp-content\/uploads\/sites\/15\/2025\/11\/groupe-6-1024x931.jpg 1024w, https:\/\/life.itu.int\/retraites\/wp-content\/uploads\/sites\/15\/2025\/11\/groupe-6-768x698.jpg 768w\" sizes=\"auto, (max-width: 1182px) 100vw, 1182px\" \/><div class=\"wp-block-cover__inner-container is-layout-flow wp-block-cover-is-layout-flow\">\n<p class=\"has-text-align-center has-large-font-size\"><\/p>\n<\/div><\/div>\n\n\n\n<div class=\"wp-block-group lite-shadow is-layout-flow wp-block-group-is-layout-flow\" style=\"padding-top:2em;padding-right:2em;padding-bottom:2em;padding-left:2em\"><h2 style=\"border-radius:0px;border-style:none;border-width:0px;\" class=\"has-text-align-left wp-block-post-title\">Repas d&rsquo;automne 2025<\/h2>\n\n<div style=\"font-style:normal;font-weight:600;\" class=\"wp-block-post-date has-text-color has-primary-color has-medium-font-size\"><time datetime=\"2025-11-23T11:36:30+00:00\">23 novembre 2025<\/time><\/div>\n\n<div class=\"wp-block-post-excerpt\"><p class=\"wp-block-post-excerpt__excerpt\">6 novembre 2025, Gen\u00e8ve Chers lectrices et lecteurs, Le traditionnel repas d\u2019automne des retrait\u00e9s a remport\u00e9 une fois encore un franc succ\u00e8s.&nbsp;Gr\u00e2ce \u00e0 Claude Briand la Pr\u00e9sidente et Jean-Marie Estero, l\u2019occasion de retrouver les coll\u00e8gues avec qui on a partag\u00e9 de nombreuses ann\u00e9es \u00e0 l\u2019UIT, tr\u00e8s nombreuses pour certains, a pu avoir lieu. Ce rendez-vous\u2026 <\/p><\/div>\n\n<a style=\"font-style:normal;font-weight:500;\" class=\"wp-elements-f1ab29c1b8db759b19ac5bee014662a0 wp-block-read-more has-text-color has-primary-color has-small-font-size\" href=\"https:\/\/life.itu.int\/retraites\/repas-dautomne-2025\/\" target=\"_self\">Lire la suite<span class=\"screen-reader-text\">\u00a0: Repas d&rsquo;automne 2025<\/span><\/a><\/div>\n\n<\/li><li class=\"wp-block-post post-237 post type-post status-publish format-standard has-post-thumbnail hentry category-bulletin tag-ia\">\n\n<div class=\"wp-block-cover is-light\" style=\"min-height:300px;aspect-ratio:unset;\"><span aria-hidden=\"true\" class=\"wp-block-cover__background has-base-background-color has-background-dim-0 has-background-dim\"><\/span><img loading=\"lazy\" decoding=\"async\" width=\"567\" height=\"319\" src=\"https:\/\/life.itu.int\/retraites\/wp-content\/uploads\/sites\/15\/2024\/10\/pexels-googledeepmind-18069365.jpg\" class=\"wp-block-cover__image-background wp-post-image\" alt=\"\" data-object-fit=\"cover\" data-object-position=\"44% 44%\" style=\"object-position:44% 44%;\" srcset=\"https:\/\/life.itu.int\/retraites\/wp-content\/uploads\/sites\/15\/2024\/10\/pexels-googledeepmind-18069365.jpg 567w, https:\/\/life.itu.int\/retraites\/wp-content\/uploads\/sites\/15\/2024\/10\/pexels-googledeepmind-18069365-300x169.jpg 300w\" sizes=\"auto, (max-width: 567px) 100vw, 567px\" \/><div class=\"wp-block-cover__inner-container is-layout-flow wp-block-cover-is-layout-flow\">\n<p class=\"has-text-align-center has-large-font-size\"><\/p>\n<\/div><\/div>\n\n\n\n<div class=\"wp-block-group lite-shadow is-layout-flow wp-block-group-is-layout-flow\" style=\"padding-top:2em;padding-right:2em;padding-bottom:2em;padding-left:2em\"><h2 style=\"border-radius:0px;border-style:none;border-width:0px;\" class=\"has-text-align-left wp-block-post-title\">L\u2019IA ne doit pas laisser le monde \u00e0 la tra\u00eene \u00a0<\/h2>\n\n<div style=\"font-style:normal;font-weight:600;\" class=\"wp-block-post-date has-text-color has-primary-color has-medium-font-size\"><time datetime=\"2025-11-16T07:30:00+00:00\">16 novembre 2025<\/time><\/div>\n\n<div class=\"wp-block-post-excerpt\"><p class=\"wp-block-post-excerpt__excerpt\">Extraits de l&rsquo;intervention de Tomas Lamanauskas, Vice-Secr\u00e9taire g\u00e9n\u00e9ral de l&rsquo;UIT, lors du Segment de coordination du Conseil \u00e9conomique et social des Nations Unies (ECOSOC), le 1er f\u00e9vrier 2024. En une ann\u00e9e \u00e0 peine, l&rsquo;intelligence artificielle (IA) a pris une place pr\u00e9pond\u00e9rante dans les pr\u00e9visions concernant l&rsquo;avenir du monde. Elle a suscit\u00e9 \u00e0 la fois de\u2026 <\/p><\/div>\n\n<a style=\"font-style:normal;font-weight:500;\" class=\"wp-elements-f1ab29c1b8db759b19ac5bee014662a0 wp-block-read-more has-text-color has-primary-color has-small-font-size\" href=\"https:\/\/life.itu.int\/retraites\/lia-ne-doit-pas-laisser-le-monde-a-la-traine\/\" target=\"_self\">Lire la suite<span class=\"screen-reader-text\">\u00a0: L\u2019IA ne doit pas laisser le monde \u00e0 la tra\u00eene \u00a0<\/span><\/a><\/div>\n\n<\/li><li class=\"wp-block-post post-2136 post type-post status-publish format-standard has-post-thumbnail hentry category-membre category-loisirs tag-activites tag-voyages\">\n\n<div class=\"wp-block-cover is-light\" style=\"min-height:300px;aspect-ratio:unset;\"><span aria-hidden=\"true\" class=\"wp-block-cover__background has-base-background-color has-background-dim-0 has-background-dim\"><\/span><img loading=\"lazy\" decoding=\"async\" width=\"164\" height=\"123\" src=\"https:\/\/life.itu.int\/retraites\/wp-content\/uploads\/sites\/15\/2025\/11\/Venise2.jpg\" class=\"wp-block-cover__image-background wp-post-image\" alt=\"Venise\" data-object-fit=\"cover\" data-object-position=\"44% 44%\" style=\"object-position:44% 44%;\" \/><div class=\"wp-block-cover__inner-container is-layout-flow wp-block-cover-is-layout-flow\">\n<p class=\"has-text-align-center has-large-font-size\"><\/p>\n<\/div><\/div>\n\n\n\n<div class=\"wp-block-group lite-shadow is-layout-flow wp-block-group-is-layout-flow\" style=\"padding-top:2em;padding-right:2em;padding-bottom:2em;padding-left:2em\"><h2 style=\"border-radius:0px;border-style:none;border-width:0px;\" class=\"has-text-align-left wp-block-post-title\">Italie du nord<\/h2>\n\n<div style=\"font-style:normal;font-weight:600;\" class=\"wp-block-post-date has-text-color has-primary-color has-medium-font-size\"><time datetime=\"2025-11-09T13:30:05+00:00\">9 novembre 2025<\/time><\/div>\n\n<div class=\"wp-block-post-excerpt\"><p class=\"wp-block-post-excerpt__excerpt\">Du 13 au 18 ao\u00fbt 2025 Chers lectrices et lecteurs, J\u2019aimerais vous proposer dans ce nouvel article, une id\u00e9e d\u2019excursion en Italie du nord. Je connais bien cette partie de la botte principalement, car j\u2019ai des amis qui habitent pr\u00e8s de Brescia au bord du Lac de Garde et d\u2019autres de la m\u00eame famille vers\u2026 <\/p><\/div>\n\n<a style=\"font-style:normal;font-weight:500;\" class=\"wp-elements-f1ab29c1b8db759b19ac5bee014662a0 wp-block-read-more has-text-color has-primary-color has-small-font-size\" href=\"https:\/\/life.itu.int\/retraites\/italie-du-nord\/\" target=\"_self\">Lire la suite<span class=\"screen-reader-text\">\u00a0: Italie du nord<\/span><\/a><\/div>\n\n<\/li><li class=\"wp-block-post post-2150 post type-post status-publish format-standard has-post-thumbnail hentry category-membre category-loisirs tag-activites tag-voyages\">\n\n<div class=\"wp-block-cover is-light\" style=\"min-height:300px;aspect-ratio:unset;\"><span aria-hidden=\"true\" class=\"wp-block-cover__background has-base-background-color has-background-dim-0 has-background-dim\"><\/span><img loading=\"lazy\" decoding=\"async\" width=\"977\" height=\"206\" src=\"https:\/\/life.itu.int\/retraites\/wp-content\/uploads\/sites\/15\/2025\/11\/Screenshot-2025-10-22-at-16.44.36.png\" class=\"wp-block-cover__image-background wp-post-image\" alt=\"Gibraltar\" data-object-fit=\"cover\" data-object-position=\"44% 44%\" style=\"object-position:44% 44%;\" srcset=\"https:\/\/life.itu.int\/retraites\/wp-content\/uploads\/sites\/15\/2025\/11\/Screenshot-2025-10-22-at-16.44.36.png 977w, https:\/\/life.itu.int\/retraites\/wp-content\/uploads\/sites\/15\/2025\/11\/Screenshot-2025-10-22-at-16.44.36-300x63.png 300w, https:\/\/life.itu.int\/retraites\/wp-content\/uploads\/sites\/15\/2025\/11\/Screenshot-2025-10-22-at-16.44.36-768x162.png 768w\" sizes=\"auto, (max-width: 977px) 100vw, 977px\" \/><div class=\"wp-block-cover__inner-container is-layout-flow wp-block-cover-is-layout-flow\">\n<p class=\"has-text-align-center has-large-font-size\"><\/p>\n<\/div><\/div>\n\n\n\n<div class=\"wp-block-group lite-shadow is-layout-flow wp-block-group-is-layout-flow\" style=\"padding-top:2em;padding-right:2em;padding-bottom:2em;padding-left:2em\"><h2 style=\"border-radius:0px;border-style:none;border-width:0px;\" class=\"has-text-align-left wp-block-post-title\">Gen\u00e8ve \u2013 Gibraltar<\/h2>\n\n<div style=\"font-style:normal;font-weight:600;\" class=\"wp-block-post-date has-text-color has-primary-color has-medium-font-size\"><time datetime=\"2025-11-02T08:00:00+00:00\">2 novembre 2025<\/time><\/div>\n\n<div class=\"wp-block-post-excerpt\"><p class=\"wp-block-post-excerpt__excerpt\">Balade \u00e0 deux roues en trois temps A la retraite depuis bient\u00f4t deux ans, j\u2019ai entrepris de voyager r\u00e9guli\u00e8rement afin de d\u00e9couvrir de nouveaux paysages, de nouvelles cultures tout en cultivant les rencontres. En 2024, ma femme et moi avons pass\u00e9s trois mois en Asie (Cambodge, Laos, Tha\u00eflande, Sri Lanka et Inde), en dehors de\u2026 <\/p><\/div>\n\n<a style=\"font-style:normal;font-weight:500;\" class=\"wp-elements-f1ab29c1b8db759b19ac5bee014662a0 wp-block-read-more has-text-color has-primary-color has-small-font-size\" href=\"https:\/\/life.itu.int\/retraites\/geneve-gibraltar\/\" target=\"_self\">Lire la suite<span class=\"screen-reader-text\">\u00a0: Gen\u00e8ve \u2013 Gibraltar<\/span><\/a><\/div>\n\n<\/li><li class=\"wp-block-post post-2124 post type-post status-publish format-standard has-post-thumbnail hentry category-membre category-loisirs tag-activites tag-rando\">\n\n<div class=\"wp-block-cover is-light\" style=\"min-height:300px;aspect-ratio:unset;\"><span aria-hidden=\"true\" class=\"wp-block-cover__background has-base-background-color has-background-dim-0 has-background-dim\"><\/span><img loading=\"lazy\" decoding=\"async\" width=\"1600\" height=\"1200\" src=\"https:\/\/life.itu.int\/retraites\/wp-content\/uploads\/sites\/15\/2025\/10\/IMG-20250930-WA0017.jpg\" class=\"wp-block-cover__image-background wp-post-image\" alt=\"LE NANT D\u2019AVRIL Randonn\u00e9e du 30 septembre 2025\" data-object-fit=\"cover\" data-object-position=\"44% 44%\" style=\"object-position:44% 44%;\" srcset=\"https:\/\/life.itu.int\/retraites\/wp-content\/uploads\/sites\/15\/2025\/10\/IMG-20250930-WA0017.jpg 1600w, https:\/\/life.itu.int\/retraites\/wp-content\/uploads\/sites\/15\/2025\/10\/IMG-20250930-WA0017-300x225.jpg 300w, https:\/\/life.itu.int\/retraites\/wp-content\/uploads\/sites\/15\/2025\/10\/IMG-20250930-WA0017-1024x768.jpg 1024w, https:\/\/life.itu.int\/retraites\/wp-content\/uploads\/sites\/15\/2025\/10\/IMG-20250930-WA0017-768x576.jpg 768w, https:\/\/life.itu.int\/retraites\/wp-content\/uploads\/sites\/15\/2025\/10\/IMG-20250930-WA0017-1536x1152.jpg 1536w\" sizes=\"auto, (max-width: 1600px) 100vw, 1600px\" \/><div class=\"wp-block-cover__inner-container is-layout-flow wp-block-cover-is-layout-flow\">\n<p class=\"has-text-align-center has-large-font-size\"><\/p>\n<\/div><\/div>\n\n\n\n<div class=\"wp-block-group lite-shadow is-layout-flow wp-block-group-is-layout-flow\" style=\"padding-top:2em;padding-right:2em;padding-bottom:2em;padding-left:2em\"><h2 style=\"border-radius:0px;border-style:none;border-width:0px;\" class=\"has-text-align-left wp-block-post-title\">Rando Plaisir 2025<\/h2>\n\n<div style=\"font-style:normal;font-weight:600;\" class=\"wp-block-post-date has-text-color has-primary-color has-medium-font-size\"><time datetime=\"2025-10-26T08:00:00+00:00\">26 octobre 2025<\/time><\/div>\n\n<div class=\"wp-block-post-excerpt\"><p class=\"wp-block-post-excerpt__excerpt\">Le Nant d&rsquo;Avril, 30 septembre 2025 Il \u00e9tait une fois, par un beau matin de septembre, un groupe de copains\/copines qui se retrouv\u00e8rent en vue de passer une belle journ\u00e9e ensemble \u2026&nbsp; C\u2019est ainsi que j\u2019ai d\u00e9cid\u00e9 de commencer mon r\u00e9cit cette fois, sous forme de conte.&nbsp; En effet la journ\u00e9e a \u00ab\u00a0fabuleusement\u00a0\u00bb bien commenc\u00e9\u2026 <\/p><\/div>\n\n<a style=\"font-style:normal;font-weight:500;\" class=\"wp-elements-f1ab29c1b8db759b19ac5bee014662a0 wp-block-read-more has-text-color has-primary-color has-small-font-size\" href=\"https:\/\/life.itu.int\/retraites\/rando-plaisir-2025-4\/\" target=\"_self\">Lire la suite<span class=\"screen-reader-text\">\u00a0: Rando Plaisir 2025<\/span><\/a><\/div>\n\n<\/li><li class=\"wp-block-post post-62 post type-post status-publish format-standard has-post-thumbnail hentry category-sante tag-aides\">\n\n<div class=\"wp-block-cover is-light\" style=\"min-height:300px;aspect-ratio:unset;\"><span aria-hidden=\"true\" class=\"wp-block-cover__background has-base-background-color has-background-dim-0 has-background-dim\"><\/span><img loading=\"lazy\" decoding=\"async\" width=\"567\" height=\"378\" src=\"https:\/\/life.itu.int\/retraites\/wp-content\/uploads\/sites\/15\/2024\/10\/pexels-vlada-karpovich-8939885.jpg\" class=\"wp-block-cover__image-background wp-post-image\" alt=\"\" data-object-fit=\"cover\" data-object-position=\"44% 44%\" style=\"object-position:44% 44%;\" srcset=\"https:\/\/life.itu.int\/retraites\/wp-content\/uploads\/sites\/15\/2024\/10\/pexels-vlada-karpovich-8939885.jpg 567w, https:\/\/life.itu.int\/retraites\/wp-content\/uploads\/sites\/15\/2024\/10\/pexels-vlada-karpovich-8939885-300x200.jpg 300w\" sizes=\"auto, (max-width: 567px) 100vw, 567px\" \/><div class=\"wp-block-cover__inner-container is-layout-flow wp-block-cover-is-layout-flow\">\n<p class=\"has-text-align-center has-large-font-size\"><\/p>\n<\/div><\/div>\n\n\n\n<div class=\"wp-block-group lite-shadow is-layout-flow wp-block-group-is-layout-flow\" style=\"padding-top:2em;padding-right:2em;padding-bottom:2em;padding-left:2em\"><h2 style=\"border-radius:0px;border-style:none;border-width:0px;\" class=\"has-text-align-left wp-block-post-title\">Les proches aidants<\/h2>\n\n<div style=\"font-style:normal;font-weight:600;\" class=\"wp-block-post-date has-text-color has-primary-color has-medium-font-size\"><time datetime=\"2025-10-19T07:30:00+00:00\">19 octobre 2025<\/time><\/div>\n\n<div class=\"wp-block-post-excerpt\"><p class=\"wp-block-post-excerpt__excerpt\">Le nombre d\u2019aidants qui accompagnent et prot\u00e8gent au quotidien un proche en perte d\u2019autonomie ou malade est estim\u00e9 \u00e0 15 millions en France et \u00e0 Gen\u00e8ve, \u00e0 107&nbsp;000 personnes.&nbsp; Il s\u2019agit donc d\u2019un probl\u00e8me soci\u00e9tal crucial. Vous trouverez sur notre site web en cliquant sur le lien ci-dessous&nbsp;les documents et renseignements compil\u00e9s par l\u2019AAFI sur\u2026 <\/p><\/div>\n\n<a style=\"font-style:normal;font-weight:500;\" class=\"wp-elements-f1ab29c1b8db759b19ac5bee014662a0 wp-block-read-more has-text-color has-primary-color has-small-font-size\" href=\"https:\/\/life.itu.int\/retraites\/les-proches-aidants\/\" target=\"_self\">Lire la suite<span class=\"screen-reader-text\">\u00a0: Les proches aidants<\/span><\/a><\/div>\n\n<\/li><li class=\"wp-block-post post-2111 post type-post status-publish format-standard has-post-thumbnail hentry category-news tag-deces\">\n\n<div class=\"wp-block-cover is-light\" style=\"min-height:300px;aspect-ratio:unset;\"><span aria-hidden=\"true\" class=\"wp-block-cover__background has-base-background-color has-background-dim-0 has-background-dim\"><\/span><img loading=\"lazy\" decoding=\"async\" width=\"1134\" height=\"756\" src=\"https:\/\/life.itu.int\/retraites\/wp-content\/uploads\/sites\/15\/2025\/10\/pexels-dk100396-783200.jpg\" class=\"wp-block-cover__image-background wp-post-image\" alt=\"lit candle held in hands\" data-object-fit=\"cover\" data-object-position=\"44% 44%\" style=\"object-position:44% 44%;\" srcset=\"https:\/\/life.itu.int\/retraites\/wp-content\/uploads\/sites\/15\/2025\/10\/pexels-dk100396-783200.jpg 1134w, https:\/\/life.itu.int\/retraites\/wp-content\/uploads\/sites\/15\/2025\/10\/pexels-dk100396-783200-300x200.jpg 300w, https:\/\/life.itu.int\/retraites\/wp-content\/uploads\/sites\/15\/2025\/10\/pexels-dk100396-783200-1024x683.jpg 1024w, https:\/\/life.itu.int\/retraites\/wp-content\/uploads\/sites\/15\/2025\/10\/pexels-dk100396-783200-768x512.jpg 768w\" sizes=\"auto, (max-width: 1134px) 100vw, 1134px\" \/><div class=\"wp-block-cover__inner-container is-layout-flow wp-block-cover-is-layout-flow\">\n<p class=\"has-text-align-center has-large-font-size\"><\/p>\n<\/div><\/div>\n\n\n\n<div class=\"wp-block-group lite-shadow is-layout-flow wp-block-group-is-layout-flow\" style=\"padding-top:2em;padding-right:2em;padding-bottom:2em;padding-left:2em\"><h2 style=\"border-radius:0px;border-style:none;border-width:0px;\" class=\"has-text-align-left wp-block-post-title\">Hommage \u00e0 Mme Fran\u00e7oise Sala<\/h2>\n\n<div style=\"font-style:normal;font-weight:600;\" class=\"wp-block-post-date has-text-color has-primary-color has-medium-font-size\"><time datetime=\"2025-10-03T11:19:42+00:00\">3 octobre 2025<\/time><\/div>\n\n<div class=\"wp-block-post-excerpt\"><p class=\"wp-block-post-excerpt__excerpt\">C\u2019est avec \u00e9motion que nous rendons hommage \u00e0 Mme Fran\u00e7oise Sala qui nous a quitt\u00e9s cet \u00e9t\u00e9 apr\u00e8s avoir consacr\u00e9 une grande partie de sa vie professionnelle et associative \u00e0 l\u2019Union internationale des T\u00e9l\u00e9communications. En tant que traductrice \u00e0 la section fran\u00e7aise de traduction, puis en tant que cheffe de cette section, elle a jou\u00e9\u2026 <\/p><\/div>\n\n<a style=\"font-style:normal;font-weight:500;\" class=\"wp-elements-f1ab29c1b8db759b19ac5bee014662a0 wp-block-read-more has-text-color has-primary-color has-small-font-size\" href=\"https:\/\/life.itu.int\/retraites\/hommage-a-mme-francoise-sala\/\" target=\"_self\">Lire la suite<span class=\"screen-reader-text\">\u00a0: Hommage \u00e0 Mme Fran\u00e7oise Sala<\/span><\/a><\/div>\n\n<\/li><li class=\"wp-block-post post-2058 post type-post status-publish format-standard has-post-thumbnail hentry category-loisirs tag-activites\">\n\n<div class=\"wp-block-cover is-light\" style=\"min-height:300px;aspect-ratio:unset;\"><span aria-hidden=\"true\" class=\"wp-block-cover__background has-base-background-color has-background-dim-0 has-background-dim\"><\/span><img loading=\"lazy\" decoding=\"async\" width=\"469\" height=\"299\" src=\"https:\/\/life.itu.int\/retraites\/wp-content\/uploads\/sites\/15\/2025\/08\/Beaufort6.jpg\" class=\"wp-block-cover__image-background wp-post-image\" alt=\"\" data-object-fit=\"cover\" data-object-position=\"44% 44%\" style=\"object-position:44% 44%;\" srcset=\"https:\/\/life.itu.int\/retraites\/wp-content\/uploads\/sites\/15\/2025\/08\/Beaufort6.jpg 469w, https:\/\/life.itu.int\/retraites\/wp-content\/uploads\/sites\/15\/2025\/08\/Beaufort6-300x191.jpg 300w\" sizes=\"auto, (max-width: 469px) 100vw, 469px\" \/><div class=\"wp-block-cover__inner-container is-layout-flow wp-block-cover-is-layout-flow\">\n<p class=\"has-text-align-center has-large-font-size\"><\/p>\n<\/div><\/div>\n\n\n\n<div class=\"wp-block-group lite-shadow is-layout-flow wp-block-group-is-layout-flow\" style=\"padding-top:2em;padding-right:2em;padding-bottom:2em;padding-left:2em\"><h2 style=\"border-radius:0px;border-style:none;border-width:0px;\" class=\"has-text-align-left wp-block-post-title\">La r\u00e9gion du Beaufort<\/h2>\n\n<div style=\"font-style:normal;font-weight:600;\" class=\"wp-block-post-date has-text-color has-primary-color has-medium-font-size\"><time datetime=\"2025-09-28T07:30:00+00:00\">28 septembre 2025<\/time><\/div>\n\n<div class=\"wp-block-post-excerpt\"><p class=\"wp-block-post-excerpt__excerpt\">19-20 juillet 2025 Chers lectrices et lecteurs, Voil\u00e0 pas mal de temps que je ne vous ai pas promen\u00e9s en France ou ailleurs \u00e0 la d\u00e9couverte de nouveaux paysages, et peuples.Plusieurs projets sont en pr\u00e9paration dont 2 confirm\u00e9s pour bient\u00f4t et un 3eme tr\u00e8s lointain \u00e0 l\u2019\u00e9tude. Mais je propose aujourd\u2019hui de partager avec vous\u2026 <\/p><\/div>\n\n<a style=\"font-style:normal;font-weight:500;\" class=\"wp-elements-f1ab29c1b8db759b19ac5bee014662a0 wp-block-read-more has-text-color has-primary-color has-small-font-size\" href=\"https:\/\/life.itu.int\/retraites\/la-region-du-beaufort\/\" target=\"_self\">Lire la suite<span class=\"screen-reader-text\">\u00a0: La r\u00e9gion du Beaufort<\/span><\/a><\/div>\n\n<\/li><\/ul>\n\n\n<div style=\"height:16px\" aria-hidden=\"true\" class=\"wp-block-spacer\"><\/div>\n\n\n<nav class=\"wp-block-query-pagination has-medium-font-size is-content-justification-center is-layout-flex wp-container-core-query-pagination-is-layout-a89b3969 wp-block-query-pagination-is-layout-flex\" aria-label=\"Pagination\">\n\n\n<div class=\"wp-block-query-pagination-numbers\"><span aria-current=\"page\" class=\"page-numbers current\">1<\/span>\n<a class=\"page-numbers\" href=\"?query-10-page=2\">2<\/a>\n<a class=\"page-numbers\" href=\"?query-10-page=3\">3<\/a>\n<a class=\"page-numbers\" href=\"?query-10-page=4\">4<\/a><\/div>\n\n<a href=\"\/retraites\/wp-json\/wp\/v2\/pages\/1899?query-10-page=2\" class=\"wp-block-query-pagination-next\">Page suivante<span class='wp-block-query-pagination-next-arrow is-arrow-chevron' aria-hidden='true'>\u00bb<\/span><\/a>\n<\/nav>\n\n<\/div>\n<\/div>\n\n\n\n<div class=\"wp-block-column is-layout-flow wp-block-column-is-layout-flow\" style=\"flex-basis:30%\">\n<div class=\"wp-block-group has-section-bg-background-color has-background has-global-padding is-layout-constrained wp-container-core-group-is-layout-3a02abfb wp-block-group-is-layout-constrained\" style=\"padding-top:20px;padding-right:20px;padding-bottom:20px;padding-left:20px\">\n<div class=\"wp-block-group has-global-padding is-layout-constrained wp-block-group-is-layout-constrained\" style=\"border-bottom-color:var(--wp--preset--color--primary);border-bottom-width:2px\">\n<h3 class=\"wp-block-heading\" style=\"margin-bottom:10px;letter-spacing:1px\">Search<\/h3>\n<\/div>\n\n\n<form role=\"search\" method=\"get\" action=\"https:\/\/life.itu.int\/retraites\/\" class=\"wp-block-search__button-inside wp-block-search__icon-button wp-block-search\"    ><label class=\"wp-block-search__label screen-reader-text\" for=\"wp-block-search__input-1\" >Search<\/label><div class=\"wp-block-search__inside-wrapper\" ><input class=\"wp-block-search__input\" id=\"wp-block-search__input-1\" placeholder=\"\" value=\"\" type=\"search\" name=\"s\" required \/><button aria-label=\"Search\" class=\"wp-block-search__button has-icon wp-element-button\" type=\"submit\" ><svg class=\"search-icon\" viewBox=\"0 0 24 24\" width=\"24\" height=\"24\">\n\t\t\t\t\t<path d=\"M13 5c-3.3 0-6 2.7-6 6 0 1.4.5 2.7 1.3 3.7l-3.8 3.8 1.1 1.1 3.8-3.8c1 .8 2.3 1.3 3.7 1.3 3.3 0 6-2.7 6-6S16.3 5 13 5zm0 10.5c-2.5 0-4.5-2-4.5-4.5s2-4.5 4.5-4.5 4.5 2 4.5 4.5-2 4.5-4.5 4.5z\"><\/path>\n\t\t\t\t<\/svg><\/button><\/div><input type='hidden' name='lang' value='fr' \/><\/form><\/div>\n\n\n\n<div class=\"wp-block-group has-section-bg-background-color has-background has-global-padding is-layout-constrained wp-container-core-group-is-layout-3a02abfb wp-block-group-is-layout-constrained\" style=\"padding-top:20px;padding-right:20px;padding-bottom:20px;padding-left:20px\">\n<div class=\"wp-block-group has-global-padding is-layout-constrained wp-block-group-is-layout-constrained\" style=\"border-bottom-color:var(--wp--preset--color--primary);border-bottom-width:2px\">\n<h3 class=\"wp-block-heading\" style=\"margin-bottom:10px;letter-spacing:1px\">Popular Posts<\/h3>\n<\/div>\n\n\n\n<div class=\"wp-block-query is-layout-flow wp-block-query-is-layout-flow\"><ul class=\"wp-block-post-template is-layout-flow wp-block-post-template-is-layout-flow\"><li class=\"wp-block-post post-2353 post type-post status-publish format-standard hentry category-loisirs tag-activites tag-voyages\">\n\n<div class=\"wp-block-columns alignwide is-layout-flex wp-container-core-columns-is-layout-28f84493 wp-block-columns-is-layout-flex\">\n<div class=\"wp-block-column is-layout-flow wp-block-column-is-layout-flow\" style=\"flex-basis:18%\"><\/div>\n\n\n\n<div class=\"wp-block-column is-layout-flow wp-block-column-is-layout-flow\" style=\"flex-basis:82%\"><h6 class=\"wp-block-post-title\"><a href=\"https:\/\/life.itu.int\/retraites\/rio-de-janeiro\/\" target=\"_self\" >Rio de Janeiro<\/a><\/h6>\n\n<div style=\"margin-top:5px;margin-right:0px;margin-bottom:0px;margin-left:0px;\" class=\"truncate-line wp-block-post-excerpt\"><p class=\"wp-block-post-excerpt__excerpt\">Voyage au Br\u00e9sil, 23 f\u00e9vrier &#8211; 3 mars 2026 Mon choix de d\u00e9couverte s\u2019est port\u00e9 cette fois \u00e0 Rio, une destination dont je r\u00eavais depuis longtemps, mais fortement mise en avant comme dangereuse. C\u2019est avec un groupe et un guide que je rencontrerai \u00e0 mon arriv\u00e9e, que je vais d\u00e9couvrir cette ville connue surtout pour\u2026 <\/p><\/div><\/div>\n<\/div>\n\n<\/li><li class=\"wp-block-post post-2369 post type-post status-publish format-standard has-post-thumbnail hentry category-membre category-loisirs tag-activites\">\n\n<div class=\"wp-block-columns alignwide is-layout-flex wp-container-core-columns-is-layout-28f84493 wp-block-columns-is-layout-flex\">\n<div class=\"wp-block-column is-layout-flow wp-block-column-is-layout-flow\" style=\"flex-basis:18%\"><figure class=\"wp-block-post-featured-image\"><a href=\"https:\/\/life.itu.int\/retraites\/comment-vivre-des-vies-multiples\/\" target=\"_self\"  ><img loading=\"lazy\" decoding=\"async\" width=\"567\" height=\"424\" src=\"https:\/\/life.itu.int\/retraites\/wp-content\/uploads\/sites\/15\/2026\/04\/Picture10.jpg\" class=\"attachment-post-thumbnail size-post-thumbnail wp-post-image\" alt=\"Comment vivre des vies multiples \u2026. ?\" style=\"object-fit:cover;\" srcset=\"https:\/\/life.itu.int\/retraites\/wp-content\/uploads\/sites\/15\/2026\/04\/Picture10.jpg 567w, https:\/\/life.itu.int\/retraites\/wp-content\/uploads\/sites\/15\/2026\/04\/Picture10-300x224.jpg 300w\" sizes=\"auto, (max-width: 567px) 100vw, 567px\" \/><\/a><\/figure><\/div>\n\n\n\n<div class=\"wp-block-column is-layout-flow wp-block-column-is-layout-flow\" style=\"flex-basis:82%\"><h6 class=\"wp-block-post-title\"><a href=\"https:\/\/life.itu.int\/retraites\/comment-vivre-des-vies-multiples\/\" target=\"_self\" >Comment vivre des vies multiples \u2026. ?<\/a><\/h6>\n\n<div style=\"margin-top:5px;margin-right:0px;margin-bottom:0px;margin-left:0px;\" class=\"truncate-line wp-block-post-excerpt\"><p class=\"wp-block-post-excerpt__excerpt\">Nous voici en 1988, il y a \u2026. quelques ann\u00e9es. Tout juste frais \u00e9moulu de l\u2019Universit\u00e9 de Paris Panth\u00e9on-Assas, j\u2019arrive \u00e0 Gen\u00e8ve pour d\u00e9buter un stage \u00e0 l\u2019Union internationale des t\u00e9l\u00e9communications, dans les brumes cigari\u00e8res d\u2019un Conseiller juridique \u00e0 la r\u00e9putation bien \u00e9tablie, craint certainement, mais aussi admir\u00e9. La musique fait d\u00e9j\u00e0 un peu partie\u2026 <\/p><\/div><\/div>\n<\/div>\n\n<\/li><li class=\"wp-block-post post-2383 post type-post status-publish format-standard has-post-thumbnail hentry category-loisirs tag-clubs tag-uit\">\n\n<div class=\"wp-block-columns alignwide is-layout-flex wp-container-core-columns-is-layout-28f84493 wp-block-columns-is-layout-flex\">\n<div class=\"wp-block-column is-layout-flow wp-block-column-is-layout-flow\" style=\"flex-basis:18%\"><figure class=\"wp-block-post-featured-image\"><a href=\"https:\/\/life.itu.int\/retraites\/club-atelier-de-luit\/\" target=\"_self\"  ><img loading=\"lazy\" decoding=\"async\" width=\"1309\" height=\"850\" src=\"https:\/\/life.itu.int\/retraites\/wp-content\/uploads\/sites\/15\/2026\/04\/Paint.jpg\" class=\"attachment-post-thumbnail size-post-thumbnail wp-post-image\" alt=\"Club Atelier de l&rsquo;UIT\" style=\"object-fit:cover;\" srcset=\"https:\/\/life.itu.int\/retraites\/wp-content\/uploads\/sites\/15\/2026\/04\/Paint.jpg 1309w, https:\/\/life.itu.int\/retraites\/wp-content\/uploads\/sites\/15\/2026\/04\/Paint-300x195.jpg 300w, https:\/\/life.itu.int\/retraites\/wp-content\/uploads\/sites\/15\/2026\/04\/Paint-1024x665.jpg 1024w, https:\/\/life.itu.int\/retraites\/wp-content\/uploads\/sites\/15\/2026\/04\/Paint-768x499.jpg 768w\" sizes=\"auto, (max-width: 1309px) 100vw, 1309px\" \/><\/a><\/figure><\/div>\n\n\n\n<div class=\"wp-block-column is-layout-flow wp-block-column-is-layout-flow\" style=\"flex-basis:82%\"><h6 class=\"wp-block-post-title\"><a href=\"https:\/\/life.itu.int\/retraites\/club-atelier-de-luit\/\" target=\"_self\" >Club Atelier de l&rsquo;UIT<\/a><\/h6>\n\n<div style=\"margin-top:5px;margin-right:0px;margin-bottom:0px;margin-left:0px;\" class=\"truncate-line wp-block-post-excerpt\"><p class=\"wp-block-post-excerpt__excerpt\">Les s\u00e9ries de cours que nous vous proposons aujourd&rsquo;hui sont d\u00e9crites ci-dessous avec le&nbsp;calendrier correspondant. Les places \u00e9tant limit\u00e9es, nous vous encourageons \u00e0 vous inscrire d\u00e8s publication de ce flash en cliquant ici. Les cours de l&rsquo;Atelier ne sont ouverts qu\u2019aux membres du club. Si vous souhaitez devenir membre, merci de nous contacter.Pour ceux qui\u2026 <\/p><\/div><\/div>\n<\/div>\n\n<\/li><\/ul><\/div>\n<\/div>\n\n\n\n<div class=\"wp-block-group has-section-bg-background-color has-background has-global-padding is-layout-constrained wp-container-core-group-is-layout-3a02abfb wp-block-group-is-layout-constrained\" style=\"padding-top:20px;padding-right:20px;padding-bottom:20px;padding-left:20px\">\n<div class=\"wp-block-group has-global-padding is-layout-constrained wp-block-group-is-layout-constrained\" style=\"border-bottom-color:var(--wp--preset--color--primary);border-bottom-width:2px\">\n<h3 class=\"wp-block-heading\" style=\"margin-bottom:10px;letter-spacing:1px\">Categories<\/h3>\n<\/div>\n\n\n<ul class=\"wp-block-categories-list sidebar-meta-list wp-block-categories\">\t<li class=\"cat-item cat-item-11\"><a href=\"https:\/\/life.itu.int\/retraites\/category\/archives\/\">Archives<\/a> (11)\n<\/li>\n\t<li class=\"cat-item cat-item-20\"><a href=\"https:\/\/life.itu.int\/retraites\/category\/bulletin\/\">Bulletin<\/a> (4)\n<\/li>\n\t<li class=\"cat-item cat-item-44\"><a href=\"https:\/\/life.itu.int\/retraites\/category\/comite\/\">Comit\u00e9<\/a> (2)\n<\/li>\n\t<li class=\"cat-item cat-item-10\"><a href=\"https:\/\/life.itu.int\/retraites\/category\/membre\/\">Espace membre<\/a> (34)\n<\/li>\n\t<li class=\"cat-item cat-item-9\"><a href=\"https:\/\/life.itu.int\/retraites\/category\/loisirs\/\">Loisirs<\/a> (34)\n<\/li>\n\t<li class=\"cat-item cat-item-45\"><a href=\"https:\/\/life.itu.int\/retraites\/category\/news\/\">News<\/a> (10)\n<\/li>\n\t<li class=\"cat-item cat-item-1\"><a href=\"https:\/\/life.itu.int\/retraites\/category\/non-categorise\/\">Non cat\u00e9goris\u00e9<\/a> (1)\n<\/li>\n\t<li class=\"cat-item cat-item-8\"><a href=\"https:\/\/life.itu.int\/retraites\/category\/sante\/\">Sant\u00e9<\/a> (7)\n<\/li>\n<\/ul><\/div>\n\n\n\n<div class=\"wp-block-group has-section-bg-background-color has-background has-global-padding is-layout-constrained wp-container-core-group-is-layout-3a02abfb wp-block-group-is-layout-constrained\" style=\"padding-top:20px;padding-right:20px;padding-bottom:20px;padding-left:20px\">\n<div class=\"wp-block-group has-global-padding is-layout-constrained wp-block-group-is-layout-constrained\" style=\"border-bottom-color:var(--wp--preset--color--primary);border-bottom-width:2px\">\n<h3 class=\"wp-block-heading\" style=\"margin-bottom:10px;letter-spacing:1px\">Archives<\/h3>\n<\/div>\n\n\n<ul class=\"wp-block-archives-list sidebar-meta-list wp-block-archives\">\t<li><a href='https:\/\/life.itu.int\/retraites\/2026\/04\/'>avril 2026<\/a><\/li>\n\t<li><a href='https:\/\/life.itu.int\/retraites\/2026\/03\/'>mars 2026<\/a><\/li>\n\t<li><a href='https:\/\/life.itu.int\/retraites\/2026\/02\/'>f\u00e9vrier 2026<\/a><\/li>\n\t<li><a href='https:\/\/life.itu.int\/retraites\/2026\/01\/'>janvier 2026<\/a><\/li>\n\t<li><a href='https:\/\/life.itu.int\/retraites\/2025\/12\/'>d\u00e9cembre 2025<\/a><\/li>\n\t<li><a href='https:\/\/life.itu.int\/retraites\/2025\/11\/'>novembre 2025<\/a><\/li>\n\t<li><a href='https:\/\/life.itu.int\/retraites\/2025\/10\/'>octobre 2025<\/a><\/li>\n\t<li><a href='https:\/\/life.itu.int\/retraites\/2025\/09\/'>septembre 2025<\/a><\/li>\n\t<li><a href='https:\/\/life.itu.int\/retraites\/2025\/08\/'>ao\u00fbt 2025<\/a><\/li>\n\t<li><a href='https:\/\/life.itu.int\/retraites\/2025\/07\/'>juillet 2025<\/a><\/li>\n\t<li><a href='https:\/\/life.itu.int\/retraites\/2025\/06\/'>juin 2025<\/a><\/li>\n\t<li><a href='https:\/\/life.itu.int\/retraites\/2025\/05\/'>mai 2025<\/a><\/li>\n\t<li><a href='https:\/\/life.itu.int\/retraites\/2025\/04\/'>avril 2025<\/a><\/li>\n\t<li><a href='https:\/\/life.itu.int\/retraites\/2025\/03\/'>mars 2025<\/a><\/li>\n\t<li><a href='https:\/\/life.itu.int\/retraites\/2025\/02\/'>f\u00e9vrier 2025<\/a><\/li>\n\t<li><a href='https:\/\/life.itu.int\/retraites\/2025\/01\/'>janvier 2025<\/a><\/li>\n\t<li><a href='https:\/\/life.itu.int\/retraites\/2024\/12\/'>d\u00e9cembre 2024<\/a><\/li>\n\t<li><a href='https:\/\/life.itu.int\/retraites\/2024\/11\/'>novembre 2024<\/a><\/li>\n\t<li><a href='https:\/\/life.itu.int\/retraites\/2024\/10\/'>octobre 2024<\/a><\/li>\n\t<li><a href='https:\/\/life.itu.int\/retraites\/2024\/09\/'>septembre 2024<\/a><\/li>\n\t<li><a href='https:\/\/life.itu.int\/retraites\/2023\/12\/'>d\u00e9cembre 2023<\/a><\/li>\n\t<li><a href='https:\/\/life.itu.int\/retraites\/2023\/10\/'>octobre 2023<\/a><\/li>\n<\/ul><\/div>\n\n\n\n<div class=\"wp-block-group has-section-bg-background-color has-background has-global-padding is-layout-constrained wp-container-core-group-is-layout-3a02abfb wp-block-group-is-layout-constrained\" style=\"padding-top:20px;padding-right:20px;padding-bottom:20px;padding-left:20px\">\n<div class=\"wp-block-group has-global-padding is-layout-constrained wp-block-group-is-layout-constrained\" style=\"border-bottom-color:var(--wp--preset--color--primary);border-bottom-width:2px\">\n<h3 class=\"wp-block-heading\" style=\"margin-bottom:10px;letter-spacing:1px\">Tags<\/h3>\n<\/div>\n\n\n<p class=\"is-style-outline wp-block-tag-cloud\"><a href=\"https:\/\/life.itu.int\/retraites\/tag\/160\/\" class=\"tag-cloud-link tag-link-47 tag-link-position-1\" style=\"font-size: 8pt;\" aria-label=\"160 ans (1 \u00e9l\u00e9ment)\">160 ans<span class=\"tag-link-count\"> (1)<\/span><\/a>\n<a href=\"https:\/\/life.itu.int\/retraites\/tag\/activites\/\" class=\"tag-cloud-link tag-link-31 tag-link-position-2\" style=\"font-size: 22pt;\" aria-label=\"activit\u00e9s (31 \u00e9l\u00e9ments)\">activit\u00e9s<span class=\"tag-link-count\"> (31)<\/span><\/a>\n<a href=\"https:\/\/life.itu.int\/retraites\/tag\/ag\/\" class=\"tag-cloud-link tag-link-96 tag-link-position-3\" style=\"font-size: 8pt;\" aria-label=\"AG (1 \u00e9l\u00e9ment)\">AG<span class=\"tag-link-count\"> (1)<\/span><\/a>\n<a href=\"https:\/\/life.itu.int\/retraites\/tag\/aides\/\" class=\"tag-cloud-link tag-link-14 tag-link-position-4\" style=\"font-size: 8pt;\" aria-label=\"aides (1 \u00e9l\u00e9ment)\">aides<span class=\"tag-link-count\"> (1)<\/span><\/a>\n<a href=\"https:\/\/life.itu.int\/retraites\/tag\/assemblee-generale\/\" class=\"tag-cloud-link tag-link-49 tag-link-position-5\" style=\"font-size: 10.082644628099pt;\" aria-label=\"Assembl\u00e9e g\u00e9n\u00e9rale (2 \u00e9l\u00e9ments)\">Assembl\u00e9e g\u00e9n\u00e9rale<span class=\"tag-link-count\"> (2)<\/span><\/a>\n<a href=\"https:\/\/life.itu.int\/retraites\/tag\/assurance\/\" class=\"tag-cloud-link tag-link-15 tag-link-position-6\" style=\"font-size: 13.553719008264pt;\" aria-label=\"assurance (5 \u00e9l\u00e9ments)\">assurance<span class=\"tag-link-count\"> (5)<\/span><\/a>\n<a href=\"https:\/\/life.itu.int\/retraites\/tag\/clubs\/\" class=\"tag-cloud-link tag-link-40 tag-link-position-7\" style=\"font-size: 10.082644628099pt;\" aria-label=\"Clubs (2 \u00e9l\u00e9ments)\">Clubs<span class=\"tag-link-count\"> (2)<\/span><\/a>\n<a href=\"https:\/\/life.itu.int\/retraites\/tag\/deces\/\" class=\"tag-cloud-link tag-link-32 tag-link-position-8\" style=\"font-size: 12.628099173554pt;\" aria-label=\"d\u00e9c\u00e9s (4 \u00e9l\u00e9ments)\">d\u00e9c\u00e9s<span class=\"tag-link-count\"> (4)<\/span><\/a>\n<a href=\"https:\/\/life.itu.int\/retraites\/tag\/entretien\/\" class=\"tag-cloud-link tag-link-100 tag-link-position-9\" style=\"font-size: 8pt;\" aria-label=\"entretien (1 \u00e9l\u00e9ment)\">entretien<span class=\"tag-link-count\"> (1)<\/span><\/a>\n<a href=\"https:\/\/life.itu.int\/retraites\/tag\/hopital\/\" class=\"tag-cloud-link tag-link-18 tag-link-position-10\" style=\"font-size: 8pt;\" aria-label=\"h\u00f4pital (1 \u00e9l\u00e9ment)\">h\u00f4pital<span class=\"tag-link-count\"> (1)<\/span><\/a>\n<a href=\"https:\/\/life.itu.int\/retraites\/tag\/ia\/\" class=\"tag-cloud-link tag-link-22 tag-link-position-11\" style=\"font-size: 11.471074380165pt;\" aria-label=\"IA (3 \u00e9l\u00e9ments)\">IA<span class=\"tag-link-count\"> (3)<\/span><\/a>\n<a href=\"https:\/\/life.itu.int\/retraites\/tag\/important\/\" class=\"tag-cloud-link tag-link-95 tag-link-position-12\" style=\"font-size: 14.363636363636pt;\" aria-label=\"Important (6 \u00e9l\u00e9ments)\">Important<span class=\"tag-link-count\"> (6)<\/span><\/a>\n<a href=\"https:\/\/life.itu.int\/retraites\/tag\/informatique\/\" class=\"tag-cloud-link tag-link-94 tag-link-position-13\" style=\"font-size: 8pt;\" aria-label=\"informatique (1 \u00e9l\u00e9ment)\">informatique<span class=\"tag-link-count\"> (1)<\/span><\/a>\n<a href=\"https:\/\/life.itu.int\/retraites\/tag\/membres\/\" class=\"tag-cloud-link tag-link-35 tag-link-position-14\" style=\"font-size: 14.942148760331pt;\" aria-label=\"membres (7 \u00e9l\u00e9ments)\">membres<span class=\"tag-link-count\"> (7)<\/span><\/a>\n<a href=\"https:\/\/life.itu.int\/retraites\/tag\/musee\/\" class=\"tag-cloud-link tag-link-51 tag-link-position-15\" style=\"font-size: 10.082644628099pt;\" aria-label=\"mus\u00e9e (2 \u00e9l\u00e9ments)\">mus\u00e9e<span class=\"tag-link-count\"> (2)<\/span><\/a>\n<a href=\"https:\/\/life.itu.int\/retraites\/tag\/pharmacie\/\" class=\"tag-cloud-link tag-link-13 tag-link-position-16\" style=\"font-size: 8pt;\" aria-label=\"pharmacie (1 \u00e9l\u00e9ment)\">pharmacie<span class=\"tag-link-count\"> (1)<\/span><\/a>\n<a href=\"https:\/\/life.itu.int\/retraites\/tag\/rando\/\" class=\"tag-cloud-link tag-link-37 tag-link-position-17\" style=\"font-size: 15.520661157025pt;\" aria-label=\"rando (8 \u00e9l\u00e9ments)\">rando<span class=\"tag-link-count\"> (8)<\/span><\/a>\n<a href=\"https:\/\/life.itu.int\/retraites\/tag\/repas\/\" class=\"tag-cloud-link tag-link-16 tag-link-position-18\" style=\"font-size: 13.553719008264pt;\" aria-label=\"repas (5 \u00e9l\u00e9ments)\">repas<span class=\"tag-link-count\"> (5)<\/span><\/a>\n<a href=\"https:\/\/life.itu.int\/retraites\/tag\/retraites\/\" class=\"tag-cloud-link tag-link-97 tag-link-position-19\" style=\"font-size: 11.471074380165pt;\" aria-label=\"retraites (3 \u00e9l\u00e9ments)\">retraites<span class=\"tag-link-count\"> (3)<\/span><\/a>\n<a href=\"https:\/\/life.itu.int\/retraites\/tag\/uit\/\" class=\"tag-cloud-link tag-link-23 tag-link-position-20\" style=\"font-size: 13.553719008264pt;\" aria-label=\"UIT (5 \u00e9l\u00e9ments)\">UIT<span class=\"tag-link-count\"> (5)<\/span><\/a>\n<a href=\"https:\/\/life.itu.int\/retraites\/tag\/uniag\/\" class=\"tag-cloud-link tag-link-101 tag-link-position-21\" style=\"font-size: 8pt;\" aria-label=\"UNIAG (1 \u00e9l\u00e9ment)\">UNIAG<span class=\"tag-link-count\"> (1)<\/span><\/a>\n<a href=\"https:\/\/life.itu.int\/retraites\/tag\/unsmis\/\" class=\"tag-cloud-link tag-link-38 tag-link-position-22\" style=\"font-size: 11.471074380165pt;\" aria-label=\"UNSMIS (3 \u00e9l\u00e9ments)\">UNSMIS<span class=\"tag-link-count\"> (3)<\/span><\/a>\n<a href=\"https:\/\/life.itu.int\/retraites\/tag\/voyages\/\" class=\"tag-cloud-link tag-link-52 tag-link-position-23\" style=\"font-size: 17.02479338843pt;\" aria-label=\"voyages (11 \u00e9l\u00e9ments)\">voyages<span class=\"tag-link-count\"> (11)<\/span><\/a><\/p><\/div>\n<\/div>\n<\/div>\n<\/div>\n<\/div>\n","protected":false},"excerpt":{"rendered":"<p>Search Popular Posts Categories Archives Tags<\/p>\n","protected":false},"author":15,"featured_media":1892,"parent":0,"menu_order":0,"comment_status":"closed","ping_status":"closed","template":"","meta":{"footnotes":""},"class_list":["post-1899","page","type-page","status-publish","has-post-thumbnail","hentry"],"yoast_head":"<!-- This site is optimized with the Yoast SEO plugin v27.4 - https:\/\/yoast.com\/product\/yoast-seo-wordpress\/ -->\n<title>Tous les Articles - Association des anciens fonctionnaires de l\u2019Union Internationale des T\u00e9l\u00e9communications<\/title>\n<meta name=\"robots\" content=\"index, follow, max-snippet:-1, max-image-preview:large, max-video-preview:-1\" \/>\n<link rel=\"canonical\" href=\"https:\/\/life.itu.int\/retraites\/tous-les-articles\/\" \/>\n<link rel=\"next\" href=\"https:\/\/life.itu.int\/retraites\/tous-les-articles\/1899?query-10-page=2\" \/>\n<meta property=\"og:locale\" content=\"fr_FR\" \/>\n<meta property=\"og:type\" content=\"article\" \/>\n<meta property=\"og:title\" content=\"Tous les Articles - Association des anciens fonctionnaires de l\u2019Union Internationale des T\u00e9l\u00e9communications\" \/>\n<meta property=\"og:description\" content=\"Search Popular Posts Categories Archives Tags\" \/>\n<meta property=\"og:url\" content=\"https:\/\/life.itu.int\/retraites\/tous-les-articles\/\" \/>\n<meta property=\"og:site_name\" content=\"Association des anciens fonctionnaires de l\u2019Union Internationale des T\u00e9l\u00e9communications\" \/>\n<meta property=\"article:modified_time\" content=\"2025-04-28T15:53:19+00:00\" \/>\n<meta property=\"og:image\" content=\"https:\/\/life.itu.int\/retraites\/wp-content\/uploads\/sites\/15\/2025\/04\/pexels-pixabay-357514.jpg\" \/>\n\t<meta property=\"og:image:width\" content=\"850\" \/>\n\t<meta property=\"og:image:height\" content=\"567\" \/>\n\t<meta property=\"og:image:type\" content=\"image\/jpeg\" \/>\n<meta name=\"twitter:card\" content=\"summary_large_image\" \/>\n<script type=\"application\/ld+json\" class=\"yoast-schema-graph\">{\"@context\":\"https:\\\/\\\/schema.org\",\"@graph\":[{\"@type\":\"WebPage\",\"@id\":\"https:\\\/\\\/life.itu.int\\\/retraites\\\/tous-les-articles\\\/\",\"url\":\"https:\\\/\\\/life.itu.int\\\/retraites\\\/tous-les-articles\\\/\",\"name\":\"Tous les Articles - Association des anciens fonctionnaires de l\u2019Union Internationale des T\u00e9l\u00e9communications\",\"isPartOf\":{\"@id\":\"https:\\\/\\\/life.itu.int\\\/retraites\\\/#website\"},\"primaryImageOfPage\":{\"@id\":\"https:\\\/\\\/life.itu.int\\\/retraites\\\/tous-les-articles\\\/#primaryimage\"},\"image\":{\"@id\":\"https:\\\/\\\/life.itu.int\\\/retraites\\\/tous-les-articles\\\/#primaryimage\"},\"thumbnailUrl\":\"https:\\\/\\\/life.itu.int\\\/retraites\\\/wp-content\\\/uploads\\\/sites\\\/15\\\/2025\\\/04\\\/pexels-pixabay-357514.jpg\",\"datePublished\":\"2025-04-27T17:31:26+00:00\",\"dateModified\":\"2025-04-28T15:53:19+00:00\",\"breadcrumb\":{\"@id\":\"https:\\\/\\\/life.itu.int\\\/retraites\\\/tous-les-articles\\\/#breadcrumb\"},\"inLanguage\":\"fr-FR\",\"potentialAction\":[{\"@type\":\"ReadAction\",\"target\":[\"https:\\\/\\\/life.itu.int\\\/retraites\\\/tous-les-articles\\\/\"]}]},{\"@type\":\"ImageObject\",\"inLanguage\":\"fr-FR\",\"@id\":\"https:\\\/\\\/life.itu.int\\\/retraites\\\/tous-les-articles\\\/#primaryimage\",\"url\":\"https:\\\/\\\/life.itu.int\\\/retraites\\\/wp-content\\\/uploads\\\/sites\\\/15\\\/2025\\\/04\\\/pexels-pixabay-357514.jpg\",\"contentUrl\":\"https:\\\/\\\/life.itu.int\\\/retraites\\\/wp-content\\\/uploads\\\/sites\\\/15\\\/2025\\\/04\\\/pexels-pixabay-357514.jpg\",\"width\":850,\"height\":567},{\"@type\":\"BreadcrumbList\",\"@id\":\"https:\\\/\\\/life.itu.int\\\/retraites\\\/tous-les-articles\\\/#breadcrumb\",\"itemListElement\":[{\"@type\":\"ListItem\",\"position\":1,\"name\":\"Accueil\",\"item\":\"https:\\\/\\\/life.itu.int\\\/retraites\\\/\"},{\"@type\":\"ListItem\",\"position\":2,\"name\":\"Tous les Articles\"}]},{\"@type\":\"WebSite\",\"@id\":\"https:\\\/\\\/life.itu.int\\\/retraites\\\/#website\",\"url\":\"https:\\\/\\\/life.itu.int\\\/retraites\\\/\",\"name\":\"Association des anciens fonctionnaires de l\u2019Union Internationale des T\u00e9l\u00e9communications\",\"description\":\"Association des anciens fonctionnaires de l&#039;Union Internationale des T\u00e9l\u00e9communications \u2013 Rester en contact\",\"publisher\":{\"@id\":\"https:\\\/\\\/life.itu.int\\\/retraites\\\/#organization\"},\"potentialAction\":[{\"@type\":\"SearchAction\",\"target\":{\"@type\":\"EntryPoint\",\"urlTemplate\":\"https:\\\/\\\/life.itu.int\\\/retraites\\\/?s={search_term_string}\"},\"query-input\":{\"@type\":\"PropertyValueSpecification\",\"valueRequired\":true,\"valueName\":\"search_term_string\"}}],\"inLanguage\":\"fr-FR\"},{\"@type\":\"Organization\",\"@id\":\"https:\\\/\\\/life.itu.int\\\/retraites\\\/#organization\",\"name\":\"Association des anciens fonctionnaires de l\u2019Union Internationale des T\u00e9l\u00e9communications\",\"url\":\"https:\\\/\\\/life.itu.int\\\/retraites\\\/\",\"logo\":{\"@type\":\"ImageObject\",\"inLanguage\":\"fr-FR\",\"@id\":\"https:\\\/\\\/life.itu.int\\\/retraites\\\/#\\\/schema\\\/logo\\\/image\\\/\",\"url\":\"https:\\\/\\\/life.itu.int\\\/retraites\\\/wp-content\\\/uploads\\\/sites\\\/15\\\/2024\\\/11\\\/cropped-Screenshot-2024-11-20-at-08.41.46.png\",\"contentUrl\":\"https:\\\/\\\/life.itu.int\\\/retraites\\\/wp-content\\\/uploads\\\/sites\\\/15\\\/2024\\\/11\\\/cropped-Screenshot-2024-11-20-at-08.41.46.png\",\"width\":512,\"height\":512,\"caption\":\"Association des anciens fonctionnaires de l\u2019Union Internationale des T\u00e9l\u00e9communications\"},\"image\":{\"@id\":\"https:\\\/\\\/life.itu.int\\\/retraites\\\/#\\\/schema\\\/logo\\\/image\\\/\"}}]}<\/script>\n<!-- \/ Yoast SEO plugin. -->","yoast_head_json":{"title":"Tous les Articles - Association des anciens fonctionnaires de l\u2019Union Internationale des T\u00e9l\u00e9communications","robots":{"index":"index","follow":"follow","max-snippet":"max-snippet:-1","max-image-preview":"max-image-preview:large","max-video-preview":"max-video-preview:-1"},"canonical":"https:\/\/life.itu.int\/retraites\/tous-les-articles\/","next":"https:\/\/life.itu.int\/retraites\/tous-les-articles\/1899?query-10-page=2","og_locale":"fr_FR","og_type":"article","og_title":"Tous les Articles - Association des anciens fonctionnaires de l\u2019Union Internationale des T\u00e9l\u00e9communications","og_description":"Search Popular Posts Categories Archives Tags","og_url":"https:\/\/life.itu.int\/retraites\/tous-les-articles\/","og_site_name":"Association des anciens fonctionnaires de l\u2019Union Internationale des T\u00e9l\u00e9communications","article_modified_time":"2025-04-28T15:53:19+00:00","og_image":[{"width":850,"height":567,"url":"https:\/\/life.itu.int\/retraites\/wp-content\/uploads\/sites\/15\/2025\/04\/pexels-pixabay-357514.jpg","type":"image\/jpeg"}],"twitter_card":"summary_large_image","schema":{"@context":"https:\/\/schema.org","@graph":[{"@type":"WebPage","@id":"https:\/\/life.itu.int\/retraites\/tous-les-articles\/","url":"https:\/\/life.itu.int\/retraites\/tous-les-articles\/","name":"Tous les Articles - Association des anciens fonctionnaires de l\u2019Union Internationale des T\u00e9l\u00e9communications","isPartOf":{"@id":"https:\/\/life.itu.int\/retraites\/#website"},"primaryImageOfPage":{"@id":"https:\/\/life.itu.int\/retraites\/tous-les-articles\/#primaryimage"},"image":{"@id":"https:\/\/life.itu.int\/retraites\/tous-les-articles\/#primaryimage"},"thumbnailUrl":"https:\/\/life.itu.int\/retraites\/wp-content\/uploads\/sites\/15\/2025\/04\/pexels-pixabay-357514.jpg","datePublished":"2025-04-27T17:31:26+00:00","dateModified":"2025-04-28T15:53:19+00:00","breadcrumb":{"@id":"https:\/\/life.itu.int\/retraites\/tous-les-articles\/#breadcrumb"},"inLanguage":"fr-FR","potentialAction":[{"@type":"ReadAction","target":["https:\/\/life.itu.int\/retraites\/tous-les-articles\/"]}]},{"@type":"ImageObject","inLanguage":"fr-FR","@id":"https:\/\/life.itu.int\/retraites\/tous-les-articles\/#primaryimage","url":"https:\/\/life.itu.int\/retraites\/wp-content\/uploads\/sites\/15\/2025\/04\/pexels-pixabay-357514.jpg","contentUrl":"https:\/\/life.itu.int\/retraites\/wp-content\/uploads\/sites\/15\/2025\/04\/pexels-pixabay-357514.jpg","width":850,"height":567},{"@type":"BreadcrumbList","@id":"https:\/\/life.itu.int\/retraites\/tous-les-articles\/#breadcrumb","itemListElement":[{"@type":"ListItem","position":1,"name":"Accueil","item":"https:\/\/life.itu.int\/retraites\/"},{"@type":"ListItem","position":2,"name":"Tous les Articles"}]},{"@type":"WebSite","@id":"https:\/\/life.itu.int\/retraites\/#website","url":"https:\/\/life.itu.int\/retraites\/","name":"Association des anciens fonctionnaires de l\u2019Union Internationale des T\u00e9l\u00e9communications","description":"Association des anciens fonctionnaires de l&#039;Union Internationale des T\u00e9l\u00e9communications \u2013 Rester en contact","publisher":{"@id":"https:\/\/life.itu.int\/retraites\/#organization"},"potentialAction":[{"@type":"SearchAction","target":{"@type":"EntryPoint","urlTemplate":"https:\/\/life.itu.int\/retraites\/?s={search_term_string}"},"query-input":{"@type":"PropertyValueSpecification","valueRequired":true,"valueName":"search_term_string"}}],"inLanguage":"fr-FR"},{"@type":"Organization","@id":"https:\/\/life.itu.int\/retraites\/#organization","name":"Association des anciens fonctionnaires de l\u2019Union Internationale des T\u00e9l\u00e9communications","url":"https:\/\/life.itu.int\/retraites\/","logo":{"@type":"ImageObject","inLanguage":"fr-FR","@id":"https:\/\/life.itu.int\/retraites\/#\/schema\/logo\/image\/","url":"https:\/\/life.itu.int\/retraites\/wp-content\/uploads\/sites\/15\/2024\/11\/cropped-Screenshot-2024-11-20-at-08.41.46.png","contentUrl":"https:\/\/life.itu.int\/retraites\/wp-content\/uploads\/sites\/15\/2024\/11\/cropped-Screenshot-2024-11-20-at-08.41.46.png","width":512,"height":512,"caption":"Association des anciens fonctionnaires de l\u2019Union Internationale des T\u00e9l\u00e9communications"},"image":{"@id":"https:\/\/life.itu.int\/retraites\/#\/schema\/logo\/image\/"}}]}},"_links":{"self":[{"href":"https:\/\/life.itu.int\/retraites\/wp-json\/wp\/v2\/pages\/1899","targetHints":{"allow":["GET"]}}],"collection":[{"href":"https:\/\/life.itu.int\/retraites\/wp-json\/wp\/v2\/pages"}],"about":[{"href":"https:\/\/life.itu.int\/retraites\/wp-json\/wp\/v2\/types\/page"}],"author":[{"embeddable":true,"href":"https:\/\/life.itu.int\/retraites\/wp-json\/wp\/v2\/users\/15"}],"replies":[{"embeddable":true,"href":"https:\/\/life.itu.int\/retraites\/wp-json\/wp\/v2\/comments?post=1899"}],"version-history":[{"count":0,"href":"https:\/\/life.itu.int\/retraites\/wp-json\/wp\/v2\/pages\/1899\/revisions"}],"wp:featuredmedia":[{"embeddable":true,"href":"https:\/\/life.itu.int\/retraites\/wp-json\/wp\/v2\/media\/1892"}],"wp:attachment":[{"href":"https:\/\/life.itu.int\/retraites\/wp-json\/wp\/v2\/media?parent=1899"}],"curies":[{"name":"wp","href":"https:\/\/api.w.org\/{rel}","templated":true}]}}