{"version":"1.0","provider_name":"Association des anciens fonctionnaires de l\u2019Union Internationale des T\u00e9l\u00e9communications","provider_url":"https:\/\/life.itu.int\/retraites","author_name":"Simon de nicola","author_url":"https:\/\/life.itu.int\/retraites\/author\/simondenicola\/","title":"Machine, \u00e9cris-moi vite \u00e7a ! - Association des anciens fonctionnaires de l\u2019Union Internationale des T\u00e9l\u00e9communications","type":"rich","width":600,"height":338,"html":"<blockquote class=\"wp-embedded-content\" data-secret=\"iCdtiwgX31\"><a href=\"https:\/\/life.itu.int\/retraites\/machine-ecris-moi-vite-ca\/\">Machine, \u00e9cris-moi vite \u00e7a !<\/a><\/blockquote><iframe sandbox=\"allow-scripts\" security=\"restricted\" src=\"https:\/\/life.itu.int\/retraites\/machine-ecris-moi-vite-ca\/embed\/#?secret=iCdtiwgX31\" width=\"600\" height=\"338\" title=\"\u00ab\u00a0Machine, \u00e9cris-moi vite \u00e7a !\u00a0\u00bb &#8212; Association des anciens fonctionnaires de l\u2019Union Internationale des T\u00e9l\u00e9communications\" data-secret=\"iCdtiwgX31\" frameborder=\"0\" marginwidth=\"0\" marginheight=\"0\" scrolling=\"no\" class=\"wp-embedded-content\"><\/iframe><script>\n\/*! This file is auto-generated *\/\n!function(d,l){\"use strict\";l.querySelector&&d.addEventListener&&\"undefined\"!=typeof URL&&(d.wp=d.wp||{},d.wp.receiveEmbedMessage||(d.wp.receiveEmbedMessage=function(e){var t=e.data;if((t||t.secret||t.message||t.value)&&!\/[^a-zA-Z0-9]\/.test(t.secret)){for(var s,r,n,a=l.querySelectorAll('iframe[data-secret=\"'+t.secret+'\"]'),o=l.querySelectorAll('blockquote[data-secret=\"'+t.secret+'\"]'),c=new RegExp(\"^https?:$\",\"i\"),i=0;i<o.length;i++)o[i].style.display=\"none\";for(i=0;i<a.length;i++)s=a[i],e.source===s.contentWindow&&(s.removeAttribute(\"style\"),\"height\"===t.message?(1e3<(r=parseInt(t.value,10))?r=1e3:~~r<200&&(r=200),s.height=r):\"link\"===t.message&&(r=new URL(s.getAttribute(\"src\")),n=new URL(t.value),c.test(n.protocol))&&n.host===r.host&&l.activeElement===s&&(d.top.location.href=t.value))}},d.addEventListener(\"message\",d.wp.receiveEmbedMessage,!1),l.addEventListener(\"DOMContentLoaded\",function(){for(var e,t,s=l.querySelectorAll(\"iframe.wp-embedded-content\"),r=0;r<s.length;r++)(t=(e=s[r]).getAttribute(\"data-secret\"))||(t=Math.random().toString(36).substring(2,12),e.src+=\"#?secret=\"+t,e.setAttribute(\"data-secret\",t)),e.contentWindow.postMessage({message:\"ready\",secret:t},\"*\")},!1)))}(window,document);\n\/\/# sourceURL=https:\/\/life.itu.int\/retraites\/wp-includes\/js\/wp-embed.min.js\n<\/script>\n","thumbnail_url":"https:\/\/life.itu.int\/retraites\/wp-content\/uploads\/sites\/15\/2024\/10\/Screenshot-2024-10-25-at-19.06.39.png","thumbnail_width":1144,"thumbnail_height":761,"description":"Qu\u2019il s\u2019agisse de publications ou de travaux d\u2019\u00e9tudiants, dans le monde scientifique un nombre croissant de textes ont \u00e9t\u00e9 cr\u00e9\u00e9s \u00e0 l\u2019aide de l\u2019intelligence artificielle. Les avis quant \u00e0 la mani\u00e8re de g\u00e9rer ce ph\u00e9nom\u00e8ne sont partag\u00e9s."}